{"id":938,"date":"2022-12-15T15:00:00","date_gmt":"2022-12-15T15:00:00","guid":{"rendered":"http:\/\/www.michael-riedel.at\/?page_id=938"},"modified":"2023-09-20T08:24:09","modified_gmt":"2023-09-20T08:24:09","slug":"herzlich-willkommen-in-der-ganzheitlichen-bowenpraxis","status":"publish","type":"page","link":"http:\/\/www.michael-riedel.at\/fr\/herzlich-willkommen-in-der-ganzheitlichen-bowenpraxis\/","title":{"rendered":"Herzlich Willkommen in der ganzheitlichen Praxis f\u00fcr Bowen-, Aroma- und Energietherapie!"},"content":{"rendered":"\n<h2 class=\"wp-block-heading\">Das einzigartige Rezept von Mag.(FH) Michael Riedel f\u00fcr mehr Wohlbefinden<\/h2>\n\n\n\n<div style=\"height:30px\" aria-hidden=\"true\" class=\"wp-block-spacer\"><\/div>\n\n\n\n<div style=\"height:30px\" aria-hidden=\"true\" class=\"wp-block-spacer\"><\/div>\n\n\n\n<p>Ich verhelfe Menschen jeden Alters zu nat\u00fcrlicher und ganzheitlicher Wiederherstellung ihres Wohlbefindens mithilfe von <a href=\"http:\/\/www.michael-riedel.at\/was-bowen-ist\/\">Bowen<\/a>-, <a href=\"http:\/\/www.michael-riedel.at\/tag\/aromatherapie\/\">Aroma<\/a>&#8211; und <a href=\"http:\/\/www.michael-riedel.at\/qi-quant\/\">Energietherapie <\/a>zur Unterst\u00fctzung bei der St\u00e4rkung des K\u00f6rpers, zur Verbesserung des Wohlbefindens und zum Aufbau von Energiereserven. Seit kurzem steht auch die <a href=\"https:\/\/www.michael-riedel.at\/elektroakupunktur-nach-dr-voll-und-bioresonanz\/\">Elektroakupunktur nach Dr Voll<\/a> als weitere Diagnosemethode zur Verf\u00fcgung. Durch diese neue Methode der Austestung k\u00f6nnen jegliche Belastungen von Organen festgestellt und gezielt therapiert werden. <\/p>\n\n\n\n<p><\/p>\n\n\n\n<p>Wenn Sie eine Alternative zur medizinischen Behandlung suchen, k\u00f6nnen wir gemeinsam einen Weg zu Ihrem Wohlbefinden erlangen. Ich nutze die HRV (<a href=\"http:\/\/www.michael-riedel.at\/gesundheit-messen\/\">Herzratenvariabilit\u00e4t<\/a>) als Gesundheitsanalyse und kombinieren sie mit der Quantentherapie und der Bowentechnik. Mit Pflanzenwissen unterst\u00fctze ich den Genesungsprozess und gebe Hilfe zur Heimanwendung mittels \u00e4therischer \u00d6le.<\/p>\n\n\n\n<p><\/p>\n\n\n\n<div style=\"height:30px\" aria-hidden=\"true\" class=\"wp-block-spacer\"><\/div>\n\n\n\n<hr class=\"wp-block-separator has-css-opacity\"\/>\n\n\n\n<div style=\"height:30px\" aria-hidden=\"true\" class=\"wp-block-spacer\"><\/div>\n\n\n\n<h3 class=\"wp-block-heading\" id=\"h-drei-einfache-und-entspannende-schritte-zu-ihrem-wohlbefinden\">Drei einfache und entspannende Schritte zu Ihrem Wohlbefinden<\/h3>\n\n\n\n<div style=\"height:30px\" aria-hidden=\"true\" class=\"wp-block-spacer\"><\/div>\n\n\n\n<div class=\"wp-block-columns is-layout-flex wp-container-core-columns-is-layout-9d6595d7 wp-block-columns-is-layout-flex\">\n<div class=\"wp-block-column is-layout-flow wp-block-column-is-layout-flow\">\n<p><strong>1. Analyse des Gesundheitszustandes<\/strong><\/p>\n\n\n\n<p>Mit Hilfe der Pulsmessung kann ich Ihren aktuellen Gesundheitszustand ermitteln. Die <a href=\"http:\/\/www.michael-riedel.at\/gesundheit-messen\/\">Herzratenvariabilit\u00e4tsmessung <\/a>(HRV) erfasst pr\u00e4zise 300 Herzschl\u00e4ge mittels Einkanal-EKG.<\/p>\n\n\n\n<figure class=\"wp-block-image size-large\"><img decoding=\"async\" width=\"637\" height=\"275\" data-src=\"http:\/\/www.michael-riedel.at\/wp-content\/uploads\/2020\/07\/VorherV2.png\" alt=\"\" class=\"wp-image-1161 lazyload\" data-srcset=\"http:\/\/www.michael-riedel.at\/wp-content\/uploads\/2020\/07\/VorherV2.png 637w, http:\/\/www.michael-riedel.at\/wp-content\/uploads\/2020\/07\/VorherV2-300x130.png 300w\" data-sizes=\"(max-width: 637px) 100vw, 637px\" src=\"data:image\/svg+xml;base64,PHN2ZyB3aWR0aD0iMSIgaGVpZ2h0PSIxIiB4bWxucz0iaHR0cDovL3d3dy53My5vcmcvMjAwMC9zdmciPjwvc3ZnPg==\" style=\"--smush-placeholder-width: 637px; --smush-placeholder-aspect-ratio: 637\/275;\" \/><\/figure>\n<\/div>\n\n\n\n<div class=\"wp-block-column is-layout-flow wp-block-column-is-layout-flow\">\n<p><strong>2. <strong>Quantentherapie<\/strong><\/strong> <strong>kombiniert mit<\/strong> <strong>Bowenanwendung<\/strong> <\/p>\n\n\n\n<p>Mit Hilfe von modernster Technik von <a href=\"http:\/\/www.michael-riedel.at\/qi-quant\/\">Qi-Quant<\/a> wird der Stoffwechselprozess angeregt. In weiterer Folge wird mit sanften Griffen der <a href=\"http:\/\/www.michael-riedel.at\/was-bowen-ist\/\">Bowentechnik <\/a>\u00fcber Muskeln, Sehnen, Faszien, B\u00e4ndern oder Gelenken der Selbstregulationsprozess aktiviert.<\/p>\n\n\n\n<figure class=\"wp-block-image size-large\"><img decoding=\"async\" width=\"637\" height=\"226\" data-src=\"http:\/\/www.michael-riedel.at\/wp-content\/uploads\/2020\/07\/BowenV2.png\" alt=\"\" class=\"wp-image-1168 lazyload\" data-srcset=\"http:\/\/www.michael-riedel.at\/wp-content\/uploads\/2020\/07\/BowenV2.png 637w, http:\/\/www.michael-riedel.at\/wp-content\/uploads\/2020\/07\/BowenV2-300x106.png 300w\" data-sizes=\"(max-width: 637px) 100vw, 637px\" src=\"data:image\/svg+xml;base64,PHN2ZyB3aWR0aD0iMSIgaGVpZ2h0PSIxIiB4bWxucz0iaHR0cDovL3d3dy53My5vcmcvMjAwMC9zdmciPjwvc3ZnPg==\" style=\"--smush-placeholder-width: 637px; --smush-placeholder-aspect-ratio: 637\/226;\" \/><\/figure>\n\n\n\n<p><\/p>\n<\/div>\n\n\n\n<div class=\"wp-block-column is-layout-flow wp-block-column-is-layout-flow\">\n<p><strong>3. Nachmessung und Gesundheitsanalyse<\/strong><\/p>\n\n\n\n<p>Nach der Bowenanwendung wird Ihr Wohlbefinden kontrolliert. Wir besprechen die Ergebnisse im Detail und erstellen ein individuelles Konzept f\u00fcr Sie.<\/p>\n\n\n\n<figure class=\"wp-block-image size-large\"><img decoding=\"async\" width=\"637\" height=\"275\" data-src=\"http:\/\/www.michael-riedel.at\/wp-content\/uploads\/2020\/07\/Nachher_V2.png\" alt=\"\" class=\"wp-image-1162 lazyload\" data-srcset=\"http:\/\/www.michael-riedel.at\/wp-content\/uploads\/2020\/07\/Nachher_V2.png 637w, http:\/\/www.michael-riedel.at\/wp-content\/uploads\/2020\/07\/Nachher_V2-300x130.png 300w\" data-sizes=\"(max-width: 637px) 100vw, 637px\" src=\"data:image\/svg+xml;base64,PHN2ZyB3aWR0aD0iMSIgaGVpZ2h0PSIxIiB4bWxucz0iaHR0cDovL3d3dy53My5vcmcvMjAwMC9zdmciPjwvc3ZnPg==\" style=\"--smush-placeholder-width: 637px; --smush-placeholder-aspect-ratio: 637\/275;\" \/><\/figure>\n\n\n\n<p><\/p>\n<\/div>\n<\/div>\n\n\n\n<hr class=\"wp-block-separator has-css-opacity\"\/>\n\n\n\n<div style=\"height:30px\" aria-hidden=\"true\" class=\"wp-block-spacer\"><\/div>\n\n\n\n<p>F\u00fcr die Bowentechnik gilt <strong>&#8222;Weniger ist mehr&#8220;<\/strong>&#8211; die Wahrscheinlichkeit, dass schon wenige BOWEN Griffe mit sehr sanftem Druck Ihren Organismus ins Gleichgewicht bringen und ihre k\u00f6rpereigenen Selbstheilungskr\u00e4fte aktivieren, ist sehr hoch.  <\/p>\n\n\n\n<p>Erfahrungen zeigen, dass selbst langj\u00e4hrige chronische Erkrankungen durch Bowen verbessert werden k\u00f6nnen. Volkskrankheiten wie R\u00fcckenschmerzen, Bandscheibenvorfall, Knieprobleme, Schulterschmerzen, Durchfall, Nackenschmerzen, Migr\u00e4ne, Fersensporn, Asthma, Allergie, Ischias oder auch Depressionen und Burnout sind nur einige Beispiele, welche erfolgreich mit Bowen behandelt werden k\u00f6nnen. Die <a href=\"http:\/\/www.michael-riedel.at\/anwendungsbereiche\/\">Anwendungsbereiche <\/a>erstrecken sich \u00fcber den gesamten menschlichen Organismus.  <\/p>\n\n\n\n<div style=\"height:30px\" aria-hidden=\"true\" class=\"wp-block-spacer\"><\/div>\n\n\n\n<hr class=\"wp-block-separator has-css-opacity\"\/>\n\n\n\n<div style=\"height:30px\" aria-hidden=\"true\" class=\"wp-block-spacer\"><\/div>\n\n\n\n<h2 class=\"wp-block-heading\" id=\"h-sanfte-griffe-mit-gro-er-wirkung\">Sanfte Griffe mit gro\u00dfer Wirkung<\/h2>\n\n\n\n<p>  <i class=\"fa fa-heart\" aria-hidden=\"true\"> <\/i> Weniger Schmerzen bis Schmerzfreiheit<br>  <i class=\"fa fa-heart\" aria-hidden=\"true\"> <\/i> Verbesserte Beweglichkeit<br>  <i class=\"fa fa-heart\" aria-hidden=\"true\"> <\/i> H\u00f6here Belastbarkeit<br>  <i class=\"fa fa-heart\" aria-hidden=\"true\"> <\/i> Beschleunigter Heilungsprozess<br>  <i class=\"fa fa-heart\" aria-hidden=\"true\"> <\/i> Nat\u00fcrliche Gesundheitsvorsorge<br>  <i class=\"fa fa-heart\" aria-hidden=\"true\"> <\/i> St\u00e4rkt das Immunsystem (Allergien, Corona, etc ..) <br>  <i class=\"fa fa-heart\" aria-hidden=\"true\"> <\/i> Aktiviert Lymph- und Nervensystem<\/p>\n\n\n\n<p>BOWEN wirkt auch vorbeugend. Diese Technik ersetzt jedoch keinen Besuch beim Arzt. Bowen ist <a href=\"http:\/\/www.michael-riedel.at\/was-bowen-nicht-ist\/\">keine Massage<\/a>, es ist wohltuend und entspannt. <\/p>\n\n\n\n<p><strong>Es ist die beste Gesundheitsvorsorge, die Sie machen k\u00f6nnen!<\/strong> <\/p>\n\n\n\n<p>Einen \u00dcberblick \u00fcber die Anwendungsm\u00f6glichkeiten inklusive Fernbehandlungen sowie Preise finden sie unter <a href=\"http:\/\/www.michael-riedel.at\/leistungen\/\">Leistungen<\/a>.<\/p>\n\n\n\n<div style=\"height:30px\" aria-hidden=\"true\" class=\"wp-block-spacer\"><\/div>\n\n\n\n<p><\/p>\n\n\n\n<h3 class=\"wp-block-heading has-text-align-left\" id=\"h-kontaktieren-sie-mich-jetzt-und-sichern-sie-sich-ihre-pers-nliche-gesundheitsanalyse\">Kontaktieren Sie mich jetzt und sichern Sie sich Ihre pers\u00f6nliche  Gesundheitsanalyse!<\/h3>\n\n\n<div class=\"wp-block-image is-style-default\">\n<figure class=\"alignleft size-medium is-resized\"><img decoding=\"async\" data-src=\"http:\/\/www.michael-riedel.at\/wp-content\/uploads\/PTB_FACES_WE_43_18467-bearbeitet-200x300.png\" alt=\"\" class=\"wp-image-3152 lazyload\" style=\"--smush-placeholder-width: 150px; --smush-placeholder-aspect-ratio: 150\/225;width:150px;height:225px\" width=\"150\" height=\"225\" data-srcset=\"http:\/\/www.michael-riedel.at\/wp-content\/uploads\/PTB_FACES_WE_43_18467-bearbeitet-200x300.png 200w, http:\/\/www.michael-riedel.at\/wp-content\/uploads\/PTB_FACES_WE_43_18467-bearbeitet-683x1024.png 683w, http:\/\/www.michael-riedel.at\/wp-content\/uploads\/PTB_FACES_WE_43_18467-bearbeitet-768x1152.png 768w, http:\/\/www.michael-riedel.at\/wp-content\/uploads\/PTB_FACES_WE_43_18467-bearbeitet-1024x1536.png 1024w, http:\/\/www.michael-riedel.at\/wp-content\/uploads\/PTB_FACES_WE_43_18467-bearbeitet-500x750.png 500w, http:\/\/www.michael-riedel.at\/wp-content\/uploads\/PTB_FACES_WE_43_18467-bearbeitet-800x1200.png 800w, http:\/\/www.michael-riedel.at\/wp-content\/uploads\/PTB_FACES_WE_43_18467-bearbeitet.png 1067w\" data-sizes=\"(max-width: 150px) 100vw, 150px\" src=\"data:image\/svg+xml;base64,PHN2ZyB3aWR0aD0iMSIgaGVpZ2h0PSIxIiB4bWxucz0iaHR0cDovL3d3dy53My5vcmcvMjAwMC9zdmciPjwvc3ZnPg==\" \/><\/figure>\n<\/div>\n\n\n<p> <a href=\"tel:+436606335098\"> 0660 633 50 98<\/a> oder <a href=\"https:\/\/wa.me\/436606335098\"> <img decoding=\"async\" data-src=\"http:\/\/www.michael-riedel.at\/wp-content\/uploads\/2020\/07\/1021px-WhatsApp.svg_.png\" alt=\"Whatsapp\" width=\"20\" height=\"20\" src=\"data:image\/svg+xml;base64,PHN2ZyB3aWR0aD0iMSIgaGVpZ2h0PSIxIiB4bWxucz0iaHR0cDovL3d3dy53My5vcmcvMjAwMC9zdmciPjwvc3ZnPg==\" class=\"lazyload\" style=\"--smush-placeholder-width: 20px; --smush-placeholder-aspect-ratio: 20\/20;\">  <\/a> oder <a href=\"mailto:termin@michael-riedel.at\">termin@michael-riedel.at<\/a> oder <a href=\"http:\/\/www.michael-riedel.at\/online-terminanfrage\/\">gleich online \u00fcber das Kontaktformular<\/a>  <\/p>\n\n\n\n<p>Herzlichst,<\/p>\n\n\n\n<h6>Mag. (FH) Michael Riedel<\/h6>\n\n\n\n<p>Diplomierter Bowen Practitioner ,Diplomierter \u00c4rztlich gepr\u00fcfter Betriebs-\/Berufsaromatologe, <\/p>\n\n\n\n<p>Diplomierter Energetiker<\/p>\n\n\n\n<div style=\"height:30px\" aria-hidden=\"true\" class=\"wp-block-spacer\"><\/div>\n\n\n\n<hr class=\"wp-block-separator has-css-opacity\"\/>\n\n\n\n<div style=\"height:30px\" aria-hidden=\"true\" class=\"wp-block-spacer\"><\/div>\n\n\n\n<h2 class=\"wp-block-heading\" id=\"h-praxis-standorte\">Praxis Standort<\/h2>\n\n\n\n<div class=\"wp-block-columns is-layout-flex wp-container-core-columns-is-layout-9d6595d7 wp-block-columns-is-layout-flex\">\n<div class=\"wp-block-column is-layout-flow wp-block-column-is-layout-flow\">\n<p>DLZ Pasching, Sch\u00e4rdingerstr. 15, 4061 Pasching<\/p>\n\n\n<script type=\"text\/javascript\">window.wgm_config_1 = {\"hide_markers\":false,\"show_center_icon\":false,\"show_distance\":false,\"sort_by_distance\":false,\"distance_unit\":\"miles\",\"placement\":\"inside_map\",\"enable_show_on_map_icon\":false,\"enable_get_direction_icon\":false,\"enable_direction_link\":false,\"enable_modern_direction\":false,\"enable_category_filter\":false,\"category_selection_logic\":\"OR\"};<\/script>    \r\n        <div class=\"wgm-map-listing-container wgm-placement-below_map wgm-map-id-1430\" \r\n         style=\"--wgm-map-height: 300px; --wgm-drawer-width: 300px; \">\r\n        \r\n        <div class=\"wgm-map-area\" style=\"width:100%; margin: 0 auto; max-width: 100%;\">\r\n            <!-- Advanced Search Control -->\r\n            <!-- Directions Drawer -->\r\n<div id=\"wgm_direction_drawer_1\" class=\"wgm-direction-drawer\">\r\n        \r\n    <div class=\"wgm-drawer-content\">\r\n    <button type=\"button\" class=\"wgm-drawer-close\" aria-label=\"Close directions\">\r\n        <svg viewBox=\"0 0 24 24\" width=\"24\" height=\"24\"><path fill=\"currentColor\" d=\"M19 6.41L17.59 5 12 10.59 6.41 5 5 6.41 10.59 12 5 17.59 6.41 19 12 13.41 17.59 19 19 17.59 13.41 12 19 6.41z\"><\/path><\/svg>\r\n    <\/button>\r\n    <div class=\"wgm-drawer-header\">\r\n        <h3 class=\"wgm-drawer-title\">Get Directions<\/h3>\r\n    <\/div>\r\n    \r\n    <div class=\"wgm-travel-mode-switcher\">\r\n        <button type=\"button\" class=\"wgm-travel-btn active\" data-mode=\"DRIVING\" title=\"Driving\">\r\n            <svg viewBox=\"0 0 24 24\"><path fill=\"currentColor\" d=\"M18.92 6.01C18.72 5.42 18.16 5 17.5 5h-11c-.66 0-1.21.42-1.42 1.01L3 12v8c0 .55.45 1 1 1h1c.55 0 1-.45 1-1v-1h12v1c0 .55.45 1 1 1h1c.55 0 1-.45 1-1v-8l-2.08-5.99zM6.5 16c-.83 0-1.5-.67-1.5-1.5S5.67 13 6.5 13s1.5.67 1.5 1.5S7.33 16 6.5 16zm11 0c-.83 0-1.5-.67-1.5-1.5s.67-1.5 1.5-1.5 1.5.67 1.5 1.5-.67 1.5-1.5 1.5zM5 11l1.5-4.5h11L19 11H5z\"><\/path><\/svg>\r\n        <\/button>\r\n        <button type=\"button\" class=\"wgm-travel-btn\" data-mode=\"WALKING\" title=\"Walking\">\r\n            <svg viewBox=\"0 0 24 24\"><path fill=\"currentColor\" d=\"M13.5 5.5c1.1 0 2-.9 2-2s-.9-2-2-2-2 .9-2 2 .9 2 2 2zM9.8 8.9L7 23h2.1l1.8-8 2.1 2v6h2v-7.5l-2.1-2 .6-3C14.8 12 16.8 13 19 13v-2c-1.9 0-3.5-1-4.3-2.4l-1-1.6c-.4-.6-1-1-1.7-1-.3 0-.5.1-.8.1L6 8.3V13h2V9.6l1.8-.7\"><\/path><\/svg>\r\n        <\/button>\r\n        <button type=\"button\" class=\"wgm-travel-btn\" data-mode=\"BICYCLING\" title=\"Cycling\">\r\n            <svg viewBox=\"0 0 24 24\"><path fill=\"currentColor\" d=\"M15.5 5.5c1.1 0 2-.9 2-2s-.9-2-2-2-2 .9-2 2 .9 2 2 2zM5 12c-2.8 0-5 2.2-5 5s2.2 5 5 5 5-2.2 5-5-2.2-5-5-5zm0 8.5c-1.9 0-3.5-1.6-3.5-3.5s1.6-3.5 3.5-3.5 3.5 1.6 3.5 3.5-1.6 3.5-3.5 3.5zm19-3.5c0-2.8-2.2-5-5-5s-5 2.2-5 5 2.2 5 5 5 5-2.2 5-5zm-5 3.5c-1.9 0-3.5-1.6-3.5-3.5s1.6-3.5 3.5-3.5 3.5 1.6 3.5 3.5-1.6 3.5-3.5 3.5zm-6.1-5.4l2.7-2.7-1.2-1.2-.2-.2C13.5 8.3 12.3 8 11 8V6h-2v2H7L3.5 11l1.4 1.4L7 10.3V15h2v-4.7l2.1 2.1c.3.3.7.6 1.1.6h2.8l-1.6-1.6h-2.1z\"><\/path><\/svg>\r\n        <\/button>\r\n        <button type=\"button\" class=\"wgm-travel-btn\" data-mode=\"TRANSIT\" title=\"Transit\">\r\n            <svg viewBox=\"0 0 24 24\"><path fill=\"currentColor\" d=\"M12 2c-4.42 0-8 .5-8 4v10c0 .74.19 1.42.5 2.02V20c0 .55.45 1 1 1h1c.55 0 1-.45 1-1v-1h8v1c0 .55.45 1 1 1h1c.55 0 1-.45 1-1v-1.98c.31-.6.5-1.28.5-2.02V6c0-3.5-3.58-4-8-4zM7.5 17c-.83 0-1.5-.67-1.5-1.5S6.67 14 7.5 14s1.5.67 1.5 1.5S8.33 17 7.5 17zm3.5-6H6V6h5v5zm5.5 6c-.83 0-1.5-.67-1.5-1.5s.67-1.5 1.5-1.5 1.5.67 1.5 1.5-.67 1.5-1.5 1.5zm2.5-6h-5V6h5v5z\"><\/path><\/svg>\r\n        <\/button>\r\n    <\/div>\r\n\r\n    <div class=\"wgm-dir-input-group\">\r\n        <div class=\"wgm-dir-field-wrap\">\r\n            <input type=\"text\" id=\"wgm_dir_from_1\" class=\"wgm-dir-input\" placeholder=\"Choose start point...\">\r\n            <button type=\"button\" class=\"wgm-current-loc-btn\" title=\"Use my location\">\r\n                <svg viewBox=\"0 0 24 24\" width=\"20\" height=\"20\"><path fill=\"currentColor\" d=\"M12 8c-2.21 0-4 1.79-4 4s1.79 4 4 4 4-1.79 4-4-1.79-4-4-4zm8.94 3c-.46-4.17-3.77-7.48-7.94-7.94V1h-2v2.06C6.83 3.52 3.52 6.83 3.06 11H1v2h2.06c.46 4.17 3.77 7.48 7.94 7.94V23h2v-2.06c4.17-.46 7.48-3.77 7.94-7.94H23v-2h-2.06zM12 19c-3.87 0-7-3.13-7-7s3.13-7 7-7 7 3.13 7 7-3.13 7-7 7z\"><\/path><\/svg>\r\n            <\/button>\r\n        <\/div>\r\n    <\/div>\r\n    \r\n    <div id=\"wgm_waypoints_container_1\" class=\"wgm-waypoints-container\"><\/div>\r\n\r\n    <div class=\"wgm-dir-input-group\">\r\n        <div class=\"wgm-dir-field-wrap\">\r\n            <input type=\"text\" id=\"wgm_dir_to_1\" class=\"wgm-dir-input\" placeholder=\"Choose destination...\">\r\n            <button type=\"button\" class=\"wgm-current-loc-btn\" title=\"Use my location\">\r\n                <svg viewBox=\"0 0 24 24\" width=\"20\" height=\"20\"><path fill=\"currentColor\" d=\"M12 8c-2.21 0-4 1.79-4 4s1.79 4 4 4 4-1.79 4-4-1.79-4-4-4zm8.94 3c-.46-4.17-3.77-7.48-7.94-7.94V1h-2v2.06C6.83 3.52 3.52 6.83 3.06 11H1v2h2.06c.46 4.17 3.77 7.48 7.94 7.94V23h2v-2.06c4.17-.46 7.48-3.77 7.94-7.94H23v-2h-2.06zM12 19c-3.87 0-7-3.13-7-7s3.13-7 7-7 7 3.13 7 7-3.13 7-7 7z\"><\/path><\/svg>\r\n            <\/button>\r\n        <\/div>\r\n    <\/div>\r\n\r\n    <div class=\"wgm-add-waypoint-trigger\" id=\"wgm_add_waypoint_1\">\r\n            <svg viewBox=\"0 0 24 24\" width=\"16\" height=\"16\"><path fill=\"currentColor\" d=\"M19 13h-6v6h-2v-6H5v-2h6V5h2v6h6v2z\"><\/path><\/svg>\r\n            <span>Add Waypoint<\/span>\r\n    <\/div>\r\n\r\n    <div class=\"wgm_dir_options_wrap\">\r\n        <div class=\"wgm-action-bar\">\r\n            <div class=\"wgm-dir-adv-toggle\">\r\n                <svg viewBox=\"0 0 24 24\" width=\"16\" height=\"16\"><path fill=\"currentColor\" d=\"M3 17v2h6v-2H3zM3 5v2h10V5H3zm10 16v-2h8v-2h-8v-2h-2v6h2zM7 9v2H3v2h4v2h2V9H7zm14 4v-2H11v2h10zm-6-4h2V7h4V5h-4V3h-2v6z\"><\/path><\/svg>\r\n                <span>Route Options<\/span>\r\n            <\/div>\r\n            <button type=\"button\" class=\"wgm-dir-go-btn\">\r\n                <span>Go<\/span>\r\n                <svg viewBox=\"0 0 24 24\" width=\"20\" height=\"20\"><path fill=\"currentColor\" d=\"M12 4l-1.41 1.41L16.17 11H4v2h12.17l-5.58 5.59L12 20l8-8z\"><\/path><\/svg>\r\n            <\/button>\r\n        <\/div>\r\n        \r\n        <div class=\"wgm-dir-adv-options\">\r\n            <label class=\"wgm-adv-opt-item\">\r\n                <input type=\"checkbox\" class=\"wgm-avoid-tolls\"> Avoid Tolls            <\/label>\r\n            <label class=\"wgm-adv-opt-item\">\r\n                <input type=\"checkbox\" class=\"wgm-avoid-highways\"> Avoid Highways            <\/label>\r\n            <label class=\"wgm-adv-opt-item\">\r\n                <input type=\"checkbox\" class=\"wgm-avoid-ferries\"> Avoid Ferries            <\/label>\r\n        <\/div>\r\n    <\/div>\r\n\r\n    <div id=\"wgm_dir_results_1\" class=\"wgm-dir-results-panel\"><\/div>\r\n    <\/div> <!-- End .wgm-drawer-content -->\r\n<\/div>\r\n            \r\n            <div id=\"srm_gmp_embed_1\" class=\"wgm-map-canvas\"\r\n                style=\"width: 100%; height:300px !important;\">\r\n            <\/div>\r\n\r\n                    <\/div>\r\n\r\n        <div id=\"wgm_listing_area_1\" class=\"wgm-listing-area\">\r\n                    <\/div>\r\n    <\/div>\r\n\r\n    <div id=\"wgm-lightbox-overlay_1\" class=\"wgm-lightbox-overlay\">\r\n        <span class=\"wgm-lightbox-close\">&times;<\/span>\r\n        <img class=\"wgm-lightbox-content\" id=\"wgm-lightbox-img_1\">\r\n    <\/div>\r\n\n<\/div>\n<\/div>\n\n\n\n<div style=\"height:30px\" aria-hidden=\"true\" class=\"wp-block-spacer\"><\/div>\n\n\n\n<hr class=\"wp-block-separator has-css-opacity\"\/>\n\n\n\n<div style=\"height:30px\" aria-hidden=\"true\" class=\"wp-block-spacer\"><\/div>\n\n\n\n<h2 class=\"wp-block-heading\" id=\"wissenswertes\">Vortr\u00e4ge<\/h2>\n\n\n<div class=\"pt-cv-wrapper\"><div class=\"pt-cv-view pt-cv-grid pt-cv-colsys\" id=\"pt-cv-view-846d05do79\"><div data-id=\"pt-cv-page-1\" class=\"pt-cv-page cv-npf\" data-cvc=\"3\"><div class=\"col-md-4 col-sm-6 col-xs-12 pt-cv-content-item pt-cv-1-col\"  data-pid=\"0\"><div class='pt-cv-ifield'><div class=\"pt-cv-no-post\">Aucune publication trouv\u00e9e.<\/div><\/div><\/div><\/div><\/div><\/div>\t\t\t<style type=\"text\/css\" id=\"pt-cv-inline-style-b46a30d1f6\">#pt-cv-view-846d05do79 .pt-cv-title a, #pt-cv-view-846d05do79  .panel-title { font-weight: 600 !important; }\n#pt-cv-view-846d05do79 .pt-cv-carousel-caption  { background-color: rgba(51,51,51,.6) !important; }\n#pt-cv-view-846d05do79 .pt-cv-specialp { background-color: #CC3333 !important }\n#pt-cv-view-846d05do79 .pt-cv-specialp * { color: #fff !important; }\n#pt-cv-view-846d05do79 .pt-cv-pficon  { color: #bbb !important; }\n#pt-cv-view-846d05do79 .pt-cv-readmore  { color: #ffffff !important; background-color: #d3a451 !important; }\n#pt-cv-view-846d05do79 .pt-cv-readmore:hover  { color: #ffffff !important; background-color: #d3a451 !important; }\n#pt-cv-view-846d05do79  + .pt-cv-pagination-wrapper .pt-cv-more , #pt-cv-view-846d05do79  + .pt-cv-pagination-wrapper .pagination .active a, .pt-cv-pagination[data-sid='846d05do79'] .active a { color: #ffffff !important; background-color: #00aeef !important; }<\/style>\r\n\t\t\t\n\n\n\n<div style=\"height:30px\" aria-hidden=\"true\" class=\"wp-block-spacer\"><\/div>\n\n\n\n<hr class=\"wp-block-separator has-css-opacity\"\/>\n\n\n\n<h2 class=\"wp-block-heading\" id=\"erfahrungen-aus-der-praxis\">Erfahrungen aus der Praxis<\/h2>\n\n\n\n<p>Lesen Sie Berichte inklusive medizinischer Messergebnisse mittels der HRV-Methode.<\/p>\n\n\n<div class=\"pt-cv-wrapper\"><div class=\"pt-cv-view pt-cv-grid pt-cv-colsys\" id=\"pt-cv-view-861b74cvjo\"><div data-id=\"pt-cv-page-1\" class=\"pt-cv-page cv-npf\" data-cvc=\"3\"><div class=\"col-md-4 col-sm-6 col-xs-12 pt-cv-content-item pt-cv-1-col\"  data-pid=\"0\"><div class='pt-cv-ifield'><div class=\"pt-cv-no-post\">Aucune publication trouv\u00e9e.<\/div><\/div><\/div><\/div><\/div><\/div>\t\t\t<style type=\"text\/css\" id=\"pt-cv-inline-style-878e845x4r\">#pt-cv-view-861b74cvjo .pt-cv-title a, #pt-cv-view-861b74cvjo  .panel-title { font-weight: 600 !important; }\n#pt-cv-view-861b74cvjo .pt-cv-carousel-caption  { background-color: rgba(51,51,51,.6) !important; }\n#pt-cv-view-861b74cvjo .pt-cv-specialp { background-color: #CC3333 !important }\n#pt-cv-view-861b74cvjo .pt-cv-specialp * { color: #fff !important; }\n#pt-cv-view-861b74cvjo .pt-cv-pficon  { color: #bbb !important; }\n#pt-cv-view-861b74cvjo .pt-cv-readmore  { color: #ffffff !important; background-color: #d3a451 !important; }\n#pt-cv-view-861b74cvjo .pt-cv-readmore:hover  { color: #ffffff !important; background-color: #d3a451 !important; }\n#pt-cv-view-861b74cvjo  + .pt-cv-pagination-wrapper .pt-cv-more , #pt-cv-view-861b74cvjo  + .pt-cv-pagination-wrapper .pagination .active a, .pt-cv-pagination[data-sid='861b74cvjo'] .active a { color: #ffffff !important; background-color: #00aeef !important; }<\/style>\r\n\t\t\t\n\n\n\n<div style=\"height:30px\" aria-hidden=\"true\" class=\"wp-block-spacer\"><\/div>\n\n\n\n<hr class=\"wp-block-separator has-css-opacity\"\/>\n\n\n\n<div style=\"height:30px\" aria-hidden=\"true\" class=\"wp-block-spacer\"><\/div>\n\n\n\n<h2 class=\"wp-block-heading\" id=\"wissenswertes\">Wissenswertes<\/h2>\n\n\n\n<p>Erfahren Sie Wissenswertes \u00fcber Anwendungsf\u00e4lle in der Praxis, Informationen zu Faszien oder der Wirkungsweise der Qi-Quant Technologie.<\/p>\n\n\n<div class=\"pt-cv-wrapper\"><div class=\"pt-cv-view pt-cv-grid pt-cv-colsys\" id=\"pt-cv-view-18f6567mfa\"><div data-id=\"pt-cv-page-1\" class=\"pt-cv-page\" data-cvc=\"3\"><div class=\"col-md-4 col-sm-6 col-xs-12 pt-cv-content-item pt-cv-1-col\"  data-pid=\"1928\"><div class='pt-cv-ifield'><h4 class=\"pt-cv-title\"><a href=\"http:\/\/www.michael-riedel.at\/fr\/maladie-du-nerf\/\" class=\"_self cvplbd\" target=\"_self\" >Taubheit oder Kribbeln in den Beinen, H\u00e4nden, Armen oder F\u00fc\u00dfen?<\/a><\/h4>\n<div class=\"pt-cv-content\">Viele Menschen leiden unter den oben genannten Symptomen. Manchmal ist es auch Schw\u00e4che oder L\u00e4hmung in einem Teil eines K\u00f6rpers oder st\u00e4ndiger Schmerz, der im ...<br \/><div class=\"pt-cv-rmwrap\"><a href=\"http:\/\/www.michael-riedel.at\/fr\/maladie-du-nerf\/\" class=\"_self pt-cv-readmore btn btn-success cvplbd\" target=\"_self\">Weiterlesen \u2026<\/a><\/div><\/div><\/div><\/div>\n<div class=\"col-md-4 col-sm-6 col-xs-12 pt-cv-content-item pt-cv-1-col\"  data-pid=\"1247\"><div class='pt-cv-ifield'><h4 class=\"pt-cv-title\"><a href=\"http:\/\/www.michael-riedel.at\/fr\/le-stress-est-mesurable\/\" class=\"_self cvplbd\" target=\"_self\" >Ist Stress messbar?<\/a><\/h4>\n<div class=\"pt-cv-content\">In Zeiten von Covid 19 ist unser Nervensystem stark beeintr\u00e4chtigt: Home Office \/ Home Schooling \/ Ausgangsbeschr\u00e4nkungen und Existenz\u00e4ngste wirken \u2013 unbewusst \u2013 auf unser ...<br \/><div class=\"pt-cv-rmwrap\"><a href=\"http:\/\/www.michael-riedel.at\/fr\/le-stress-est-mesurable\/\" class=\"_self pt-cv-readmore btn btn-success cvplbd\" target=\"_self\">Weiterlesen \u2026<\/a><\/div><\/div><\/div><\/div>\n<div class=\"col-md-4 col-sm-6 col-xs-12 pt-cv-content-item pt-cv-1-col\"  data-pid=\"999\"><div class='pt-cv-ifield'><h4 class=\"pt-cv-title\"><a href=\"http:\/\/www.michael-riedel.at\/fr\/domaines-dapplication\/\" class=\"_self cvplbd\" target=\"_self\" >Anwendungsbereiche<\/a><\/h4>\n<div class=\"pt-cv-content\">F\u00fcr wen sind BOWEN Anwendungen sinnvoll? BOWEN kann bei Menschen jeden Alters angewandt werden \u2013 bei M\u00e4nnern, Frauen, Kindern, Jugendlichen und sogar bei Babys. Folgende ...<br \/><div class=\"pt-cv-rmwrap\"><a href=\"http:\/\/www.michael-riedel.at\/fr\/domaines-dapplication\/\" class=\"_self pt-cv-readmore btn btn-success cvplbd\" target=\"_self\">Weiterlesen \u2026<\/a><\/div><\/div><\/div><\/div><\/div><\/div><\/div>\t\t\t<style type=\"text\/css\" id=\"pt-cv-inline-style-2f49e95yx1\">#pt-cv-view-18f6567mfa .pt-cv-title a, #pt-cv-view-18f6567mfa  .panel-title { font-weight: 600 !important; }\n#pt-cv-view-18f6567mfa .pt-cv-readmore  { color: #ffffff !important; background-color: #d3a451 !important; }\n#pt-cv-view-18f6567mfa .pt-cv-readmore:hover  { color: #ffffff !important; background-color: #d3a451 !important; }\n#pt-cv-view-18f6567mfa  + .pt-cv-pagination-wrapper .pt-cv-more , #pt-cv-view-18f6567mfa  + .pt-cv-pagination-wrapper .pagination .active a, .pt-cv-pagination[data-sid='18f6567mfa'] .active a { color: #ffffff !important; background-color: #00aeef !important; }<\/style>\r\n\t\t\t\n\n\n\n<div style=\"height:30px\" aria-hidden=\"true\" class=\"wp-block-spacer\"><\/div>\n\n\n\n<hr class=\"wp-block-separator has-css-opacity\"\/>\n\n\n\n<div style=\"height:30px\" aria-hidden=\"true\" class=\"wp-block-spacer\"><\/div>\n\n\n\n<h2 class=\"wp-block-heading\" id=\"erfahrungen-aus-der-praxis\">Kundenerfahrungen mit Qi-Quant <\/h2>\n\n\n\n<p>Lesen Sie Erfahrungsberichte zu den High-Tech Gesundheitsprodukten <\/p>\n\n\n<div class=\"pt-cv-wrapper\"><div class=\"cvp-live-filter cvp-button \" id=\"\" data-name=\"tx_category\" data-sid=\"ff12c90c3o\" data-isblock=\"\" data-postid=\"\"><label class=\"cvp-label\">Auswahl<\/label><div class=\"btn\"><label><input type=\"radio\" name=\"tx_category\" value=\"\" checked\/><div>Alle anzeigen<\/div><\/label><\/div><div class=\"btn\"><label><input type=\"radio\" name=\"tx_category\" value=\"regenerationsplatte\" \/><div>Regenerationsplatte<\/div><\/label><\/div><div class=\"btn\"><label><input type=\"radio\" name=\"tx_category\" value=\"vitalfeldtransformer-erfahrungsberichte\" \/><div>Vitalfeldtransformer<\/div><\/label><\/div><div class=\"btn\"><label><input type=\"radio\" name=\"tx_category\" value=\"teleonic\" \/><div>Teleonic<\/div><\/label><\/div><div class=\"btn\"><label><input type=\"radio\" name=\"tx_category\" value=\"bright\" \/><div>Bright<\/div><\/label><\/div><div class=\"btn\"><label><input type=\"radio\" name=\"tx_category\" value=\"ionisator\" \/><div>Ionisator<\/div><\/label><\/div><div class=\"btn\"><label><input type=\"radio\" name=\"tx_category\" value=\"office-pro\" \/><div>Office Pro<\/div><\/label><\/div><div class=\"btn\"><label><input type=\"radio\" name=\"tx_category\" value=\"revital\" \/><div>Revital<\/div><\/label><\/div><div class=\"btn\"><label><input type=\"radio\" name=\"tx_category\" value=\"water-alive\" \/><div>Water Alive<\/div><\/label><\/div><\/div><div class=\"pt-cv-view pt-cv-pinterest pt-cv-colsys pt-cv-shadow pt-cv-bb cvp-lfres\" id=\"pt-cv-view-ff12c90c3o\"><div data-id=\"pt-cv-page-1\" class=\"pt-cv-page\" data-cvc=\"3\"><div class=\"col-md-4 col-sm-6 col-xs-12 pt-cv-content-item pt-cv-1-col\"  data-pid=\"2998\"><div class='pt-cv-pinmas'><h4 class=\"pt-cv-title\"><a href=\"http:\/\/www.michael-riedel.at\/fr\/client-homme-36-ans\/\" class=\"_self cvplbd\" target=\"_self\" >Klient m\u00e4nnlich, 36J<\/a><\/h4>\n<div class=\"pt-cv-content\">\n<h4 class=\"wp-block-heading\" id=\"h-ausgangssituation\">Ausgangssituation<\/h4>\n\n\n\n<p>Schlaganfall<\/p>\n\n\n\n<p><\/p>\n\n\n\n<h4 class=\"wp-block-heading\">Anwendungen<\/h4>\n\n\n\n<p>Fernbehandlung 2-3x\/Woche, 3 Monate Begleitung. Fernbehandlungen von der Akutphase bis in die Rehaphase.<\/p>\n\n\n\n<p><\/p>\n\n\n\n<h4 class=\"wp-block-heading\">Ergebnis<\/h4>\n\n\n\n<p>W\u00e4hrend des Krankenhausaufenthalts erste minimale Bewegungen in den Fingern. Die Therapeuten in der Reha sind verbl\u00fcfft.<\/p>\n\n\n\n<div style=\"height:50px\" aria-hidden=\"true\" class=\"wp-block-spacer\"><\/div>\n<\/div><\/div><\/div>\n<div class=\"col-md-4 col-sm-6 col-xs-12 pt-cv-content-item pt-cv-1-col\"  data-pid=\"2996\"><div class='pt-cv-pinmas'><h4 class=\"pt-cv-title\"><a href=\"http:\/\/www.michael-riedel.at\/fr\/client-femme-73-ans\/\" class=\"_self cvplbd\" target=\"_self\" >Klient weiblich, 73J<\/a><\/h4>\n<div class=\"pt-cv-content\">\n<h4 class=\"wp-block-heading\" id=\"h-ausgangssituation\">Ausgangssituation<\/h4>\n\n\n\n<p>HWS-Syndrom, Schwindel, Blutdruckprobleme<\/p>\n\n\n\n<p><\/p>\n\n\n\n<h4 class=\"wp-block-heading\">Anwendungen<\/h4>\n\n\n\n<p>regelm\u00e4\u00dfige Anwendungen \u00fcber 6 Monate<\/p>\n\n\n\n<p><\/p>\n\n\n\n<h4 class=\"wp-block-heading\">Ergebnis<\/h4>\n\n\n\n<p>Blutdruck normalisiert, Kopf ist frei. Mehr Energie und ein entspannteres K\u00f6rpergef\u00fchl. Fast beschwerdefreier Schulterg\u00fcrtel.<\/p>\n\n\n\n<div style=\"height:50px\" aria-hidden=\"true\" class=\"wp-block-spacer\"><\/div>\n<\/div><\/div><\/div>\n<div class=\"col-md-4 col-sm-6 col-xs-12 pt-cv-content-item pt-cv-1-col\"  data-pid=\"2994\"><div class='pt-cv-pinmas'><h4 class=\"pt-cv-title\"><a href=\"http:\/\/www.michael-riedel.at\/fr\/client-femme-53-ans\/\" class=\"_self cvplbd\" target=\"_self\" >Klient weiblich, 53J<\/a><\/h4>\n<div class=\"pt-cv-content\">\n<h4 class=\"wp-block-heading\" id=\"h-ausgangssituation\">Ausgangssituation<\/h4>\n\n\n\n<p>Coronainfektion, Entz\u00fcndungen Neben- und Stirnh\u00f6hlen<\/p>\n\n\n\n<p><\/p>\n\n\n\n<h4 class=\"wp-block-heading\">Anwendungen<\/h4>\n\n\n\n<p>4&#215;2 Fernhandlungen\/Tag, jeweils 20 Minuten<\/p>\n\n\n\n<p><\/p>\n\n\n\n<h4 class=\"wp-block-heading\">Ergebnis<\/h4>\n\n\n\n<p>Nach 20 Minuten die Beschwerden wie weggeblasen. Quarant\u00e4ne nach 8 Tagen erlassen.<\/p>\n\n\n\n<div style=\"height:50px\" aria-hidden=\"true\" class=\"wp-block-spacer\"><\/div>\n<\/div><\/div><\/div>\n<div class=\"col-md-4 col-sm-6 col-xs-12 pt-cv-content-item pt-cv-1-col\"  data-pid=\"2992\"><div class='pt-cv-pinmas'><h4 class=\"pt-cv-title\"><a href=\"http:\/\/www.michael-riedel.at\/fr\/client-femme-70-ans\/\" class=\"_self cvplbd\" target=\"_self\" >Klient weiblich, 70J<\/a><\/h4>\n<div class=\"pt-cv-content\">\n<h4 class=\"wp-block-heading\" id=\"h-ausgangssituation\">Ausgangssituation<\/h4>\n\n\n\n<p>COPD, sehr wenig Energie, st\u00e4ndig m\u00fcde<\/p>\n\n\n\n<p><\/p>\n\n\n\n<h4 class=\"wp-block-heading\">Anwendungen<\/h4>\n\n\n\n<p>3 x jeden 2.Tag 15 Min.systemischer Anwendung, danach t\u00e4gl. Fernbehandlung jeweils 30. Minuten<\/p>\n\n\n\n<p><\/p>\n\n\n\n<h4 class=\"wp-block-heading\">Ergebnis<\/h4>\n\n\n\n<p>Nach 20 Behandlungen sehr viel Energie, ist nicht mehr m\u00fcde und das Luftproblem hat sich massiv verbessert. T\u00e4gliche Spazierg\u00e4nge \u00fcber 1 Stunde ohne Probleme.<\/p>\n\n\n\n<div style=\"height:50px\" aria-hidden=\"true\" class=\"wp-block-spacer\"><\/div>\n<\/div><\/div><\/div>\n<div class=\"col-md-4 col-sm-6 col-xs-12 pt-cv-content-item pt-cv-1-col\"  data-pid=\"2990\"><div class='pt-cv-pinmas'><h4 class=\"pt-cv-title\"><a href=\"http:\/\/www.michael-riedel.at\/fr\/client-homme-43-ans\/\" class=\"_self cvplbd\" target=\"_self\" >Klient m\u00e4nnlich, 43J<\/a><\/h4>\n<div class=\"pt-cv-content\">\n<h4 class=\"wp-block-heading\" id=\"h-ausgangssituation\">Ausgangssituation<\/h4>\n\n\n\n<p>akute Ischialgie<\/p>\n\n\n\n<p><\/p>\n\n\n\n<h4 class=\"wp-block-heading\">Anwendungen<\/h4>\n\n\n\n<p>2x t\u00e4glich 15 Minuten \u00fcber 1 Woche systemische Behandlung, danach 1 Woche je 30 Minuten Fern<\/p>\n\n\n\n<p><\/p>\n\n\n\n<h4 class=\"wp-block-heading\">Ergebnis<\/h4>\n\n\n\n<p>Ab der ersten Minute eine Erleichterung merkbar. Nach 1 Woche Behandlung Schmerzen zu 90%<br \/>weg. Danach weitere Fernbehandlungen bis zur Schmerzfreiheit<\/p>\n\n\n\n<div style=\"height:50px\" aria-hidden=\"true\" class=\"wp-block-spacer\"><\/div>\n<\/div><\/div><\/div>\n<div class=\"col-md-4 col-sm-6 col-xs-12 pt-cv-content-item pt-cv-1-col\"  data-pid=\"2988\"><div class='pt-cv-pinmas'><h4 class=\"pt-cv-title\"><a href=\"http:\/\/www.michael-riedel.at\/fr\/client-femme-58-ans\/\" class=\"_self cvplbd\" target=\"_self\" >Klient weiblich, 58J<\/a><\/h4>\n<div class=\"pt-cv-content\">\n<h4 class=\"wp-block-heading\" id=\"h-ausgangssituation\">Ausgangssituation<\/h4>\n\n\n\n<p>Polyarthritis seit 12 Jahren<\/p>\n\n\n\n<p><\/p>\n\n\n\n<h4 class=\"wp-block-heading\">Anwendungen<\/h4>\n\n\n\n<p>6 x jeden 2.Tag 15 Min. systemische Anwendung, danach t\u00e4gl. Fernbehandlung jeweils 30 Minuten, 5 Monate, inkl. Einschwingen von Weihrauchpr\u00e4parat plus Curcumin<\/p>\n\n\n\n<p><\/p>\n\n\n\n<h4 class=\"wp-block-heading\">Ergebnis<\/h4>\n\n\n\n<p>Nach 30 Behandlungen fast schmerzfrei, Bewegungseinschr\u00e4nkungen vollkommen<br \/>verschwunden, Kortisongabe auf Anraten der \u00c4rzte auf Null gestellt.<\/p>\n\n\n\n<div style=\"height:50px\" aria-hidden=\"true\" class=\"wp-block-spacer\"><\/div>\n<\/div><\/div><\/div>\n<div class=\"col-md-4 col-sm-6 col-xs-12 pt-cv-content-item pt-cv-1-col\"  data-pid=\"2950\"><div class='pt-cv-pinmas'><h4 class=\"pt-cv-title\"><a href=\"http:\/\/www.michael-riedel.at\/fr\/silvia\/\" class=\"_self cvplbd\" target=\"_self\" >Silvia<\/a><\/h4>\n<div class=\"pt-cv-content\">\n<p>Seit ich den Vitalfeldtransformer benutze, habe ich mehr Energie und kann wieder besser schlafen. Die geophysikalischen St\u00f6rzonen sind endlich verschwunden und ich kann wieder <strong>Elektrosmog-frei leben<\/strong> \u2013 <strong>ganz<\/strong> <strong>ohne Stromverbrauch<\/strong>! <\/p>\n\n\n\n<p>Es ist ein einmaliges Gef\u00fchl und eine echte Erleichterung, ohne Elektrosmog zu leben.<\/p>\n\n\n\n<p><\/p>\n<\/div><\/div><\/div>\n<div class=\"col-md-4 col-sm-6 col-xs-12 pt-cv-content-item pt-cv-1-col\"  data-pid=\"2948\"><div class='pt-cv-pinmas'><h4 class=\"pt-cv-title\"><a href=\"http:\/\/www.michael-riedel.at\/fr\/kurt\/\" class=\"_self cvplbd\" target=\"_self\" >Kurt<\/a><\/h4>\n<div class=\"pt-cv-content\">\n<p>Seit ich den Vitalfeldtransformer habe, <strong>sind alle geophysikalischen St\u00f6rzonen verschwunden<\/strong> und ich kann endlich besser schlafen und habe mehr Energie f\u00fcr den Tag. Mit diesem revolution\u00e4ren Ger\u00e4t konnte ich mich von den sch\u00e4dlichen Einfl\u00fcssen der Umwelt befreien und meine allgemeine Gesundheit und Wohlbefinden verbessern.St\u00f6rzonen. Dadurch kann ich <strong>besser schlafen und f\u00fchle mich tags\u00fcber voller Energie und Lebensfreude<\/strong>.<\/p>\n\n\n\n<p><\/p>\n<\/div><\/div><\/div>\n<div class=\"col-md-4 col-sm-6 col-xs-12 pt-cv-content-item pt-cv-1-col\"  data-pid=\"2944\"><div class='pt-cv-pinmas'><h4 class=\"pt-cv-title\"><a href=\"http:\/\/www.michael-riedel.at\/fr\/experiences-delisabeth\/\" class=\"_self cvplbd\" target=\"_self\" >Elisabeth<\/a><\/h4>\n<div class=\"pt-cv-content\">\n<p>Bei mir sind alle geopathogenen St\u00f6rzonen verschwunden, seit ich den Vitalfeldtransformer zu Hause habe. Dadurch habe ich an Energie f\u00fcr den Tag gewonnen und mein Schlaf hat sich deutlich verbessert.<\/p>\n<\/div><\/div><\/div>\n<div class=\"col-md-4 col-sm-6 col-xs-12 pt-cv-content-item pt-cv-1-col\"  data-pid=\"2942\"><div class='pt-cv-pinmas'><h4 class=\"pt-cv-title\"><a href=\"http:\/\/www.michael-riedel.at\/fr\/matthias\/\" class=\"_self cvplbd\" target=\"_self\" >Matthias<\/a><\/h4>\n<div class=\"pt-cv-content\">\n<p>Seit dem Erwerb des Vitalfeldtransformers f\u00fchle ich mich leichter und die Energie in meiner Wohnung hat sich ver\u00e4ndert. Durch die Einspeisung von speziellen Frequenzen erzeugt das Ger\u00e4t ein extrem angenehmes Feld, welches mir hilft,  mich zu entspannen und mein Wohlbefinden zu steigern.<\/p>\n<\/div><\/div><\/div>\n<div class=\"col-md-4 col-sm-6 col-xs-12 pt-cv-content-item pt-cv-1-col\"  data-pid=\"2906\"><div class='pt-cv-pinmas'><h4 class=\"pt-cv-title\"><a href=\"http:\/\/www.michael-riedel.at\/fr\/client-homme-28-ans\/\" class=\"_self cvplbd\" target=\"_self\" >Klient m\u00e4nnlich, 28J<\/a><\/h4>\n<div class=\"pt-cv-content\">\n<h4 class=\"wp-block-heading\" id=\"h-ausgangssituation\">Ausgangssituation<\/h4>\n\n\n\n<p>Schuppenflechte, Achillessehnenreizung. <\/p>\n\n\n\n<p><\/p>\n\n\n\n<h4 class=\"wp-block-heading\">Anwendungen<\/h4>\n\n\n\n<p>Behandlung einmal direkt F\u00fc\u00dfe und 10 mal Fernbehandlung.<\/p>\n\n\n\n<p><\/p>\n\n\n\n<h4 class=\"wp-block-heading\">Ergebnis<\/h4>\n\n\n\n<p>Achillessehne schmerzfrei nach Behandlung, Schuppenflechte 80%ige Verbesserung. <\/p>\n\n\n\n<p>Eingangs- und laufende Kontrolle mittels HRV-Messung<\/p>\n\n\n\n<div style=\"height:50px\" aria-hidden=\"true\" class=\"wp-block-spacer\"><\/div>\n<\/div><\/div><\/div>\n<div class=\"col-md-4 col-sm-6 col-xs-12 pt-cv-content-item pt-cv-1-col\"  data-pid=\"2904\"><div class='pt-cv-pinmas'><h4 class=\"pt-cv-title\"><a href=\"http:\/\/www.michael-riedel.at\/fr\/client-homme-78-ans\/\" class=\"_self cvplbd\" target=\"_self\" >Klient m\u00e4nnlich, 78J<\/a><\/h4>\n<div class=\"pt-cv-content\">\n<h4 class=\"wp-block-heading\" id=\"h-ausgangssituation\">Ausgangssituation<\/h4>\n\n\n\n<p>Schlafprobleme, metaboisches Syndrom. <\/p>\n\n\n\n<p><\/p>\n\n\n\n<h4 class=\"wp-block-heading\">Anwendungen<\/h4>\n\n\n\n<p>Fernbehandlung t\u00e4glich bis jeden 2. Tag  jeweils 30 Minuten.<\/p>\n\n\n\n<p><\/p>\n\n\n\n<h4 class=\"wp-block-heading\">Ergebnis<\/h4>\n\n\n\n<p>Die Schlafprobleme sind verschwunden, guter Schlaf-\/Wachrhythmus. Auch die st\u00e4ndigen R\u00fcckenschmerzen in der Fr\u00fch sind weg. Der Blutzuckerspiegel hat sich ebenfalls verbessert. <\/p>\n\n\n\n<p>Eingangs- und laufende Kontrolle mittels HRV-Messung<\/p>\n\n\n\n<div style=\"height:50px\" aria-hidden=\"true\" class=\"wp-block-spacer\"><\/div>\n<\/div><\/div><\/div>\n<div class=\"col-md-4 col-sm-6 col-xs-12 pt-cv-content-item pt-cv-1-col\"  data-pid=\"2902\"><div class='pt-cv-pinmas'><h4 class=\"pt-cv-title\"><a href=\"http:\/\/www.michael-riedel.at\/fr\/cliente-femme-70-ans\/\" class=\"_self cvplbd\" target=\"_self\" >Klientin weiblich, 70J<\/a><\/h4>\n<div class=\"pt-cv-content\">\n<h4 class=\"wp-block-heading\" id=\"h-ausgangssituation\">Ausgangssituation<\/h4>\n\n\n\n<p>COPD, sehr wenig Energie, st\u00e4ndig m\u00fcde. <\/p>\n\n\n\n<p><\/p>\n\n\n\n<h4 class=\"wp-block-heading\">Anwendungen<\/h4>\n\n\n\n<p>3 x jenden 2.Tag 15min. systemische Anwendung, danach t\u00e4glich Fernbehandlung jeweils 30 Minuten.<\/p>\n\n\n\n<p><\/p>\n\n\n\n<h4 class=\"wp-block-heading\">Ergebnis<\/h4>\n\n\n\n<p>Nach 20 Behandlungen sehr viel Energie, ist nicht mehr m\u00fcde und das Luftproblem hat sich massiv verbessert. T\u00e4gliche Spazierg\u00e4nge \u00fcber eine Stunde ohne Probleme. <\/p>\n\n\n\n<p>Laufende Kontrolle mittels HRV-Messung<\/p>\n\n\n\n<div style=\"height:50px\" aria-hidden=\"true\" class=\"wp-block-spacer\"><\/div>\n<\/div><\/div><\/div>\n<div class=\"col-md-4 col-sm-6 col-xs-12 pt-cv-content-item pt-cv-1-col\"  data-pid=\"2900\"><div class='pt-cv-pinmas'><h4 class=\"pt-cv-title\"><a href=\"http:\/\/www.michael-riedel.at\/fr\/sandra-2\/\" class=\"_self cvplbd\" target=\"_self\" >Sandra<\/a><\/h4>\n<div class=\"pt-cv-content\">\n<p>Seit vier Wochen schlafe ich auf der Regenerationsplatte. Ich schlafe deutlich ruhiger und bin am morgen mehr erholt.<\/p>\n<\/div><\/div><\/div>\n<div class=\"col-md-4 col-sm-6 col-xs-12 pt-cv-content-item pt-cv-1-col\"  data-pid=\"2898\"><div class='pt-cv-pinmas'><h4 class=\"pt-cv-title\"><a href=\"http:\/\/www.michael-riedel.at\/fr\/jana\/\" class=\"_self cvplbd\" target=\"_self\" >Jana<\/a><\/h4>\n<div class=\"pt-cv-content\">\n<p>Frau Kralova hat mir eine Schlafplatte geliehen. Jahrelang hatte ich Problemme mit schlafen. Oft war ich wach und morgens kam ich sehr m\u00fcde am Tag. Zirka zwei Wochen nachdem ich die Schlafplatte hatte ich schon tiefere Schlaf und weckte nur selten. Am Tag hatte ich mehr Energie. Leider nach einem Monat musste ich die Platte zur\u00fcckgeben. Jetzt weiss ich aber, was mir n\u00e4chste Weihnachten meine Kinder kaufen sollten. Weil aus meine Rente kann ich mir es nicht leisten.<\/p>\n<\/div><\/div><\/div>\n<div class=\"col-md-4 col-sm-6 col-xs-12 pt-cv-content-item pt-cv-1-col\"  data-pid=\"2896\"><div class='pt-cv-pinmas'><h4 class=\"pt-cv-title\"><a href=\"http:\/\/www.michael-riedel.at\/fr\/thomas-3\/\" class=\"_self cvplbd\" target=\"_self\" >Thomas<\/a><\/h4>\n<div class=\"pt-cv-content\">\n<p>Mein Name ist Thomas . Ich hatte seit einigen Jahren sehr starke Schulterprobleme ging zu einem Facharzt der behandelte mich mit einer Spritzentherapie die dauerte ca. 1 Jahr nach den Spritzen hatte ich 14 Tage keine Schmerzen mehr danach kamen die Schmerzen wieder zur\u00fcck meine Frau Elfriede arbeitet in einer Ordination und die \u00c4rztin machte mit ihren Angestellten immer Therapien bei pro me f\u00fcr Reha-Sport-Gesundheit in Loosdorf<\/p>\n\n\n\n<p>Eines Tages gab es bei der Firma pro me einen Tag der offenen T\u00fcr dort gingen wir hin und schauten uns das ganze mal an. Danach kauften wir uns 2 x Regenerations-Platte + Cosmic Ionic Bio-Ionisator. Nach 3 Wochen Test bekam ich Schulterprobleme wie ich sie vorher hatte das ging 3 Tage lang so danach rief ich meinen Berater an von den ich die Platten gekauft habe, er sagte ich soll diese einfach liegen lassen das geht wieder vorbei der K\u00f6rber beginnt sich zu regenerieren das machte ich auch so am 4 Tag wahr ich Schmerz fei und das blieb aus so. Ich kann nur jeden diese Regenerations-Platte und Cosmic Ionic empfehlen<\/p>\n<\/div><\/div><\/div>\n<div class=\"col-md-4 col-sm-6 col-xs-12 pt-cv-content-item pt-cv-1-col\"  data-pid=\"2890\"><div class='pt-cv-pinmas'><h4 class=\"pt-cv-title\"><a href=\"http:\/\/www.michael-riedel.at\/fr\/christina\/\" class=\"_self cvplbd\" target=\"_self\" >Christina<\/a><\/h4>\n<div class=\"pt-cv-content\">\n<h2 class=\"wp-block-heading\" id=\"h-meine-office-pro-energielieferant-und-m-digkeitskiller\">Meine Office PRO \u2013 Energielieferant und M\u00fcdigkeitskiller!<\/h2>\n\n\n\n<p>In meinem Abschlussschuljahr an der CHS (Centrum Human beruflicher Schulen) in Villach war die Office PRO mein Energielieferant Nummer 1.<\/p>\n\n\n\n<p>Zu Beginn der Maturazeit lief alles gut. Doch je n\u00e4her die Matura kam, desto nerv\u00f6ser, unkonzentrierter und m\u00fcder wurde ich.<br \/>Neben dem regul\u00e4ren Lernstoff gab es noch die Abschluss-Projektarbeit. Diese war in meinem Fall ein Maturaabschlussfilm mit passender Diplomabschlussarbeit.<br \/>Ich arbeitete und lernte meist bis in die Nacht, was zur Folge hatte, dass ich am n\u00e4chsten Tag stets m\u00fcde und ersch\u00f6pft war. Schlussendlich war ich einfach nur noch frustriert. Ich hatte das Gef\u00fchl die Zeit lief gegen mich.<\/p>\n\n\n\n<p>Mein Dad bemerkte dies und bot mir an, die Energieplatte Office Pro unter meinem Schreibtischstuhl zu befestigen. Da ich bereits positive Erfahrungen mit anderen Qi-Quant Produkten machen durfte, probierte ich diese gerne aus.<\/p>\n\n\n\n<p>Es war wirklich erstaunlich, wie aufgeweckt und konzentriert ich pl\u00f6tzlich an die einzelnen Aufgaben heran ging. Ich konnte stundenlang vor dem PC oder meinen Lernunterlagen sitzen ohne vor Frustration oder M\u00fcdigkeit in mein Bett zu fallen.<\/p>\n\n\n\n<p>Selbst heute, knapp 3 Jahre nach meiner erfolgreich abgeschlossenen Matura, befindet sich die Energieplatte Office Pro immer noch unter meinem Schreibtischstuhl.<br \/>Sie ist mir stets eine St\u00fctze, wenn ich nachts mal wieder etwas l\u00e4nger am Computer\/ bzw. Schreibtisch sitzen \u201emuss\u201c.<br \/>Neben dem Energieaspekt wirkt Sie auf mich zudem beruhigend.<\/p>\n<\/div><\/div><\/div>\n<div class=\"col-md-4 col-sm-6 col-xs-12 pt-cv-content-item pt-cv-1-col\"  data-pid=\"2888\"><div class='pt-cv-pinmas'><h4 class=\"pt-cv-title\"><a href=\"http:\/\/www.michael-riedel.at\/fr\/herbert\/\" class=\"_self cvplbd\" target=\"_self\" >Herbert<\/a><\/h4>\n<div class=\"pt-cv-content\">\n<h2 class=\"wp-block-heading\" id=\"h-entspanntes-arbeiten-am-arbeitsplatz\">Entspanntes Arbeiten am Arbeitsplatz<\/h2>\n\n\n\n<ol class=\"wp-block-list\">\n<li>Die Montage von den Sesseln der B\u00fcrodamen war nicht so leicht da der Durchmesser der Kunstoffverkleidung ca.&nbsp; 7 cm und dadurch die Schrauben leider zu kurz sind um diese zu montieren. Es w\u00e4re von Vorteil wenn l\u00e4ngere Ersatzschrauben um ca 2 cm mit geliefert w\u00fcrden.<\/li>\n\n\n\n<li>Die pers\u00f6nliche Entscheidung f\u00fcr diese Platte war die Wasseradern und Erdstrahlen die mir einige Ruteng\u00e4nger im wiederholten Male bestimmt waren wegzubekommen. Meine pers\u00f6nliche Erfahrung mit dem Ding ist, das es mir so vorkommt, als w\u00fcrde ich mehr Energie und mehr Kraft f\u00fcr den t\u00e4glichen Arbeitseinsatz haben. Au\u00dferdem sind meine Nackenschmerzen die ich von Zeit zu Zeit hatte fast verschwunden. Ich hoffe die St\u00f6rquellen damit abschirmen zu k\u00f6nnen.<\/li>\n\n\n\n<li>Meine beiden Sekret\u00e4rinnen berichten mir , dass sie auch entspannter und &nbsp;angenehmer auf Ihren Arbeitsplatz arbeiten k\u00f6nnen und sich seit der Montage dieser Platte wohler f\u00fchle. Eine sp\u00fcrte am Anfang sogar ein Kribbeln im ganzen K\u00f6rper. Dieses ist aber nach einigen Tagen verschwunden.<\/li>\n\n\n\n<li>Alles im allen geht\u2019s uns recht gut mit dieser Office Pro Platte .<\/li>\n<\/ol>\n<\/div><\/div><\/div>\n<div class=\"col-md-4 col-sm-6 col-xs-12 pt-cv-content-item pt-cv-1-col\"  data-pid=\"2886\"><div class='pt-cv-pinmas'><h4 class=\"pt-cv-title\"><a href=\"http:\/\/www.michael-riedel.at\/fr\/brigitte\/\" class=\"_self cvplbd\" target=\"_self\" >Brigitte<\/a><\/h4>\n<div class=\"pt-cv-content\">\n<h2 class=\"wp-block-heading\" id=\"h-dauertest-der-qi-quant-office-pro-dezember-2016-bis-m-rz-2017\">Dauertest der Qi-Quant Office Pro: Dezember 2016 bis M\u00e4rz 2017<\/h2>\n\n\n\n<p>\u00dcber die Winterzeit hatte ich pro Tag 4 bis 8 Stunden in meinem B\u00fcro zu tun und konnte so die Wirkung der Qi-Quant Platte Office Pro ausprobieren.&nbsp;Bisheriger Stand war, dass ich nach ca. 4-5 Stunden nicht mehr ruhig auf dem Stuhl sitzen konnte. Ich bin hin und her gerutscht, \u00f6fters mal aufgestanden, weil es im unteren R\u00fccken unangenehm wurde. Ich legte dann immer kurze Pausen mit ein paar \u00dcbungen ein, um den R\u00fccken zu entlasten. Auch musste ich mich immer wieder aufrichten und richtig auf den Stuhl setzen. Meine F\u00fc\u00dfe habe ich immer wieder mal auf die Fu\u00dfablage gestellt bzw. wieder runtergenommen und daneben gestellt. Oft habe ich die Sitzh\u00f6he des Stuhles ver\u00e4ndert, um eine andere Sitzposition im R\u00fccken zu haben.<\/p>\n\n\n\n<p>Diese Unruhe hatte ich immer der sp\u00e4ten Abendzeit zugeschrieben und dachte mir, dass ich wohl schon m\u00fcde sei von der Tagesarbeit.&nbsp;Des \u00f6fteren habe ich mir auch Vortr\u00e4ge in YouTube angeh\u00f6rt und manchmal die Beine auf dem Schreibtisch abgelegt. Dies f\u00fchrte aber nach einer gewissen Zeit ebenfalls zu unangenehmen Beschwerden im R\u00fccken, weil ich ja nicht richtig auf dem Stuhl gesessen bin.<\/p>\n\n\n\n<p>Seit ich die Platte unter meinem B\u00fcrostuhl habe, waren alle Unruhe und Beschwerden im unteren R\u00fcckenbereich weg und ich konnte sitzen wie und so lange ich wollte. Ich f\u00fchle mich sehr gut und keineswegs m\u00fcde, wenn es sp\u00e4ter geworden ist.<\/p>\n\n\n\n<p>Ich bin sehr erstaunt, welche Wirkung sich durch den Einsatz der Platte erzielen l\u00e4sst und kann diese Platte allen Menschen, die t\u00e4glich mehrere Stunden auf einem B\u00fcrostuhl sitzen m\u00fcssen, nur empfehlen.<\/p>\n<\/div><\/div><\/div>\n<div class=\"col-md-4 col-sm-6 col-xs-12 pt-cv-content-item pt-cv-1-col\"  data-pid=\"2877\"><div class='pt-cv-pinmas'><h4 class=\"pt-cv-title\"><a href=\"http:\/\/www.michael-riedel.at\/fr\/entreprise-laban-installations\/\" class=\"_self cvplbd\" target=\"_self\" >Firma Laban Installationen<\/a><\/h4>\n<div class=\"pt-cv-content\">\n<figure class=\"wp-block-image size-full\"><img decoding=\"async\" width=\"502\" height=\"716\" data-src=\"http:\/\/www.michael-riedel.at\/wp-content\/uploads\/Referenz-A.Laban_.jpg\" alt=\"\" class=\"wp-image-2878 lazyload\" data-srcset=\"http:\/\/www.michael-riedel.at\/wp-content\/uploads\/Referenz-A.Laban_.jpg 502w, http:\/\/www.michael-riedel.at\/wp-content\/uploads\/Referenz-A.Laban_-210x300.jpg 210w, http:\/\/www.michael-riedel.at\/wp-content\/uploads\/Referenz-A.Laban_-500x713.jpg 500w\" data-sizes=\"(max-width: 502px) 100vw, 502px\" src=\"data:image\/svg+xml;base64,PHN2ZyB3aWR0aD0iMSIgaGVpZ2h0PSIxIiB4bWxucz0iaHR0cDovL3d3dy53My5vcmcvMjAwMC9zdmciPjwvc3ZnPg==\" style=\"--smush-placeholder-width: 502px; --smush-placeholder-aspect-ratio: 502\/716;\" \/><\/figure>\n<\/div><\/div><\/div>\n<div class=\"col-md-4 col-sm-6 col-xs-12 pt-cv-content-item pt-cv-1-col\"  data-pid=\"2874\"><div class='pt-cv-pinmas'><h4 class=\"pt-cv-title\"><a href=\"http:\/\/www.michael-riedel.at\/fr\/entreprise-ellmeier-haustechnik\/\" class=\"_self cvplbd\" target=\"_self\" >Firma Ellmeier-Haustechnik<\/a><\/h4>\n<div class=\"pt-cv-content\">\n<figure class=\"wp-block-image size-full\"><img decoding=\"async\" width=\"590\" height=\"579\" data-src=\"http:\/\/www.michael-riedel.at\/wp-content\/uploads\/Ellmeier-Haustechnik.jpg\" alt=\"\" class=\"wp-image-2875 lazyload\" data-srcset=\"http:\/\/www.michael-riedel.at\/wp-content\/uploads\/Ellmeier-Haustechnik.jpg 590w, http:\/\/www.michael-riedel.at\/wp-content\/uploads\/Ellmeier-Haustechnik-300x294.jpg 300w, http:\/\/www.michael-riedel.at\/wp-content\/uploads\/Ellmeier-Haustechnik-500x491.jpg 500w\" data-sizes=\"(max-width: 590px) 100vw, 590px\" src=\"data:image\/svg+xml;base64,PHN2ZyB3aWR0aD0iMSIgaGVpZ2h0PSIxIiB4bWxucz0iaHR0cDovL3d3dy53My5vcmcvMjAwMC9zdmciPjwvc3ZnPg==\" style=\"--smush-placeholder-width: 590px; --smush-placeholder-aspect-ratio: 590\/579;\" \/><\/figure>\n<\/div><\/div><\/div>\n<div class=\"col-md-4 col-sm-6 col-xs-12 pt-cv-content-item pt-cv-1-col\"  data-pid=\"2871\"><div class='pt-cv-pinmas'><h4 class=\"pt-cv-title\"><a href=\"http:\/\/www.michael-riedel.at\/fr\/entreprise-friesnig-installations\/\" class=\"_self cvplbd\" target=\"_self\" >Firma Friesnig Installationen<\/a><\/h4>\n<div class=\"pt-cv-content\">\n<figure class=\"wp-block-image size-full\"><img decoding=\"async\" width=\"429\" height=\"538\" data-src=\"http:\/\/www.michael-riedel.at\/wp-content\/uploads\/Friesnig-Referenz.jpg\" alt=\"\" class=\"wp-image-2872 lazyload\" data-srcset=\"http:\/\/www.michael-riedel.at\/wp-content\/uploads\/Friesnig-Referenz.jpg 429w, http:\/\/www.michael-riedel.at\/wp-content\/uploads\/Friesnig-Referenz-239x300.jpg 239w\" data-sizes=\"(max-width: 429px) 100vw, 429px\" src=\"data:image\/svg+xml;base64,PHN2ZyB3aWR0aD0iMSIgaGVpZ2h0PSIxIiB4bWxucz0iaHR0cDovL3d3dy53My5vcmcvMjAwMC9zdmciPjwvc3ZnPg==\" style=\"--smush-placeholder-width: 429px; --smush-placeholder-aspect-ratio: 429\/538;\" \/><\/figure>\n<\/div><\/div><\/div>\n<div class=\"col-md-4 col-sm-6 col-xs-12 pt-cv-content-item pt-cv-1-col\"  data-pid=\"2869\"><div class='pt-cv-pinmas'><h4 class=\"pt-cv-title\"><a href=\"http:\/\/www.michael-riedel.at\/fr\/ilse-2\/\" class=\"_self cvplbd\" target=\"_self\" >Ilse<\/a><\/h4>\n<div class=\"pt-cv-content\">\n<p>Wir haben das Water Alive Ger\u00e4t erst seit 2 Wochen, sind aber jetzt schon positiv \u00fcberrascht.<br \/>Angefangen vom Trinken des Wasser: Es schmeckt eindeutig frischer und besser.<\/p>\n\n\n\n<p>Mein Mann, meine 4 Kinder und ich trinken dadurch viel mehr.<br \/>Beim Kochen kennt man die Wirkung auch, das zubereitete Essen schmeckt besser und die Kinder fragten mich schon, ob ich anders gew\u00fcrzt habe.<br \/>Das Geschirr ist klarer und ein Grauschleier, den man vom Geschirrsp\u00fcler ja so kennt, ist nicht mehr zu sehen.<\/p>\n\n\n\n<p>Auch im Haushalt ist eine deutliche Erleichterung zu sp\u00fcren:<br \/>Ich war ganz begeistert, denn die gewaschene und getrocknete W\u00e4sche, lie\u00df sich um einiges schneller und leichter b\u00fcgeln. Auch das B\u00fcgeleisen dampfte mehr und ich ben\u00f6tigte mehr Wasser.<br \/>Beim Putzen merke ich, dass sich (schon nach so kurzer Zeit) alte Kalkr\u00fcckst\u00e4nde leichter l\u00f6sen und neue kaum mehr entstehen.<br \/>Auch habe ich das Gef\u00fchl, dass das Wasser von den Abfl\u00fcssen wieder besser abflie\u00dft.<\/p>\n\n\n\n<p>Weiters sp\u00fcrt man den Unterschied auch bei der K\u00f6rperpflege:<br \/>Die Haut trocknet nach dem Duschen weniger aus. Die gewaschenen Haare meiner T\u00f6chter lassen sich eindeutig besser k\u00e4mmen und nach dem F\u00f6nen fallen sie leichter und gl\u00e4nzen.<\/p>\n\n\n\n<p>Bin schon gespannt, wie sich das Wasser auf meine Pflanzen auswirkt.<\/p>\n<\/div><\/div><\/div>\n<div class=\"col-md-4 col-sm-6 col-xs-12 pt-cv-content-item pt-cv-1-col\"  data-pid=\"2867\"><div class='pt-cv-pinmas'><h4 class=\"pt-cv-title\"><a href=\"http:\/\/www.michael-riedel.at\/fr\/johanna\/\" class=\"_self cvplbd\" target=\"_self\" >Johanna<\/a><\/h4>\n<div class=\"pt-cv-content\">\n<p>Seitdem wir das WaterAlive haben, ist das Reinigen des WC\u00b4s eine wahre Freude. Wir verwenden bei unseren Toiletten das Brunnenwasser. Da unser Wasser sehr eisenhaltig ist, ergibt sich im WC immer ein roter, unansehlicher Rand, der durch die Sonneneinstrahlung durchs Fenster immer stark eintrocknet und nur schwer wieder wegzubekommen ist. Seitdem wir das WaterAlive auf der Brunnenleitung h\u00e4ngen haben (nat\u00fcrlich auch an der Haushauptleitung) kann ich den roten Eisenrand ganz easy mit der Klob\u00fcrste reinigen. Dank QiQuant WaterAlive \u2013 wirklich toll!<\/p>\n<\/div><\/div><\/div>\n<div class=\"col-md-4 col-sm-6 col-xs-12 pt-cv-content-item pt-cv-1-col\"  data-pid=\"2865\"><div class='pt-cv-pinmas'><h4 class=\"pt-cv-title\"><a href=\"http:\/\/www.michael-riedel.at\/fr\/thomas-2\/\" class=\"_self cvplbd\" target=\"_self\" >Thomas<\/a><\/h4>\n<div class=\"pt-cv-content\">\n<p>Seid ich das Water Alive an die Wasserleitung angeschlossen habe lest sich der Kalk sehr leicht entfernen<\/p>\n\n\n\n<p>Nach den Duschen f\u00fchlt man das die Haare weicher sind und Haut nicht mehr schuppt und das nach 14 Tagen schon<\/p>\n<\/div><\/div><\/div>\n<div class=\"col-md-4 col-sm-6 col-xs-12 pt-cv-content-item pt-cv-1-col\"  data-pid=\"2860\"><div class='pt-cv-pinmas'><h4 class=\"pt-cv-title\"><a href=\"http:\/\/www.michael-riedel.at\/fr\/astrid\/\" class=\"_self cvplbd\" target=\"_self\" >Astrid<\/a><\/h4>\n<div class=\"pt-cv-content\">\n<p><strong>Unglaublich aber wahr\u2026<\/strong><\/p>\n\n\n\n<p><strong>Erfahrungsbericht zum ReVital Tablet von Qi-Quant<\/strong><\/p>\n\n\n\n<p>Eine wunderbare Erfahrung haben wir gleich zu Beginn unseres neu erworbenen ReVital Tablet\u00b4s gemacht.<\/p>\n\n\n\n<p>Da mein Mann eine Apfelallergie hat, haben wir als erstes ein paar \u00c4pfel vom Supermarkt, \u00fcber Nacht, auf das ReVital Tablet gelegt.<\/p>\n\n\n\n<p>Die Allergie von meinem Mann \u00e4u\u00dfert sich so, dass beim kleinsten Bissen Apfel, der ganze Mund anf\u00e4ngt zu jucken. Danach schwillt rings um den Mund bis hin zum Hals alles an. Deshalb war er sehr zur\u00fcckhaltend als ich ihm am n\u00e4chsten Tag einen Teller mit Apfelschnitzen hinstellte!<\/p>\n\n\n\n<p>Er a\u00df sehr zaghaft das erste St\u00fcckchen Apfel und wartete\u2026 und wartete\u2026 und wartete auf Reaktonen.<\/p>\n\n\n\n<p>Erstaunt a\u00df er einen ganzen Apfel auf, ohne irgendwelche Reaktionen zu sp\u00fcren.<\/p>\n\n\n\n<p>Wir haben verschiedene Apfelsorten ausprobiert und jedesmal hat das Revital Tablet \u201eganze Arbeit geleistet\u201c !!!<\/p>\n<\/div><\/div><\/div>\n<div class=\"col-md-4 col-sm-6 col-xs-12 pt-cv-content-item pt-cv-1-col\"  data-pid=\"2858\"><div class='pt-cv-pinmas'><h4 class=\"pt-cv-title\"><a href=\"http:\/\/www.michael-riedel.at\/fr\/elisabeth\/\" class=\"_self cvplbd\" target=\"_self\" >Elisabeth<\/a><\/h4>\n<div class=\"pt-cv-content\">\n<p>Bevor ich das\u00a0Revital Tablet von Qi-Quant\u00a0kennengelernt habe, musste ich sehr achtgeben welches Obst ich kaufe, da ich sehr gegen Spritzmittel allergisch bin,\u00a0auch bei einigen Bioprodukten!! Die Auswirkungen waren oft sehr heftig, wie z.B. eine\u00a0geschwollene Mundschleimhaut\u00a0und\u00a0die Speiser\u00f6hre\u00a0war auch manchmal betroffen. Seit ich das\u00a0Revital Tablet\u00a0besitze ist das alles kein Thema mehr, ich\u00a0kann jedes Obst essen ohne irgendwelche\u00a0Reaktionen\u00a0und es ist geschmacklich kein Vergleich,\u00a0fruchtig, lecker,\u00a0giftstofffrei, Genuss pur.<\/p>\n<\/div><\/div><\/div>\n<div class=\"col-md-4 col-sm-6 col-xs-12 pt-cv-content-item pt-cv-1-col\"  data-pid=\"2856\"><div class='pt-cv-pinmas'><h4 class=\"pt-cv-title\"><a href=\"http:\/\/www.michael-riedel.at\/fr\/julia\/\" class=\"_self cvplbd\" target=\"_self\" >Julia<\/a><\/h4>\n<div class=\"pt-cv-content\">\n<p>Bei der Verwendung des Revital Tablets ist uns aufgefallen, dass der Geschmack der Lebensmittel intensiver und besser ist.<br \/>Besonders bei S\u00fcdfr\u00fcchten wie Zitronen ist der Unterschied im Geschmack deutlich zu erkennen.<br \/>Erstaunlicher Weise funktioniert es auch bei S\u00fc\u00dfigkeiten wie zum Beispiel Gummib\u00e4rchen, diese schmecken wesentlich intensiver und fruchtiger.<br \/>Stellt man einen Krug Wasser auf das Revital Tablet trinkt man einfach mehr davon.<\/p>\n<\/div><\/div><\/div>\n<div class=\"col-md-4 col-sm-6 col-xs-12 pt-cv-content-item pt-cv-1-col\"  data-pid=\"2854\"><div class='pt-cv-pinmas'><h4 class=\"pt-cv-title\"><a href=\"http:\/\/www.michael-riedel.at\/fr\/fritz-w\/\" class=\"_self cvplbd\" target=\"_self\" >Fritz W.<\/a><\/h4>\n<div class=\"pt-cv-content\">\n<p>Seit einem Jahr nutzen meine Frau und ich die Revitalplatte. Wir konnten feststellen, dass wir alle Lebensmittel die wir auf die Platte legen deutlich bek\u00f6mmlicher werden. Das Aufsto\u00dfen oder das V\u00f6llegef\u00fchl nach dem Essen ist verschwunden. Teilweise schwer verdauliche Lebensmittel (zB M\u00fcsli) vertrage ich deutlich besser.<\/p>\n<\/div><\/div><\/div>\n<div class=\"col-md-4 col-sm-6 col-xs-12 pt-cv-content-item pt-cv-1-col\"  data-pid=\"2852\"><div class='pt-cv-pinmas'><h4 class=\"pt-cv-title\"><a href=\"http:\/\/www.michael-riedel.at\/fr\/roland-p-2\/\" class=\"_self cvplbd\" target=\"_self\" >Roland P.<\/a><\/h4>\n<div class=\"pt-cv-content\">\n<p>Der Kauf des ReVital Tablet war eine gute\u00a0 Idee. Wir legen ALLE Lebensmittel vorher drauf. Man merkt das alles weit besser schmeckt und bek\u00f6mmlicher ist. Ich merke das z.B. bei den Milchprodukten wenn sie nicht Laktose frei sind, da ich Laktoseintolerant bin. Ich merkte das der Laktoseanteil durch das Re Vital wesentlich niedriger wird. Auch beim Wasser merkt man einen gro\u00dfen Unterschied vor und nach dem das Wasser auf das Re Vital gestellt hat.\u00a0 SUPER<\/p>\n<\/div><\/div><\/div>\n<div class=\"col-md-4 col-sm-6 col-xs-12 pt-cv-content-item pt-cv-1-col\"  data-pid=\"2850\"><div class='pt-cv-pinmas'><h4 class=\"pt-cv-title\"><a href=\"http:\/\/www.michael-riedel.at\/fr\/elke-w\/\" class=\"_self cvplbd\" target=\"_self\" >Elke W.<\/a><\/h4>\n<div class=\"pt-cv-content\">\n<p>Seit ich Obst und Gem\u00fcse vor dem Verzehr auf das Revital Tablet lege kann ich trotz meiner Fructose-Intoleranz wieder Obst und Gem\u00fcse essen.<\/p>\n<\/div><\/div><\/div>\n<div class=\"col-md-4 col-sm-6 col-xs-12 pt-cv-content-item pt-cv-1-col\"  data-pid=\"2848\"><div class='pt-cv-pinmas'><h4 class=\"pt-cv-title\"><a href=\"http:\/\/www.michael-riedel.at\/fr\/ilse\/\" class=\"_self cvplbd\" target=\"_self\" >Ilse<\/a><\/h4>\n<div class=\"pt-cv-content\">\n<p>Seitdem wir die Lebensmittel auf das Revital-Tablet legen, schmecken diese besser und man vertr\u00e4gt sie besser. Man kann sagen, der Eigengeschmack kommt besser zum Vorschein.<br \/>Unser \u00e4ltester Sohn, der das Gem\u00fcse bisher verschm\u00e4hte, hat nun auch Gefallen daran gefunden, vermehrt Gem\u00fcse zu essen.<\/p>\n\n\n\n<p>Ich ging in die Knie. Meiner Mutter, die ca. 40 m entfernt arbeitete, fiel das gleich auf und sie kam auf mich zu. Kurz sah sie sich das Geschehene an und lief ins Haus. Gleich darauf kam sie mit der Bright Platte und einem Handtuch zur\u00fcck. Sie legte mein verletztes Bein auf das Handtuch, welches auf der Bright Platte lag. Es war schon verbl\u00fcffend, denn als ich den Fu\u00df dort auflegte h\u00f6rten auch die Schmerzen auf. Die Blutung lief auch langsamer als zuvor.<\/p>\n\n\n\n<p>Wir gingen etwas sp\u00e4ter ins Haus, wo ich noch l\u00e4nger meinen Fu\u00df auf die Platte legte. Es folgte \u00fcber Nacht ein Pflaster auf die Wunde, die schon einen Zentimeter tief war. Als wir am n\u00e4chsten Tag das Pflaster l\u00f6sten war schon eine neue Hautbildung vorhanden. Ich hatte kaum Schmerzen und eine Woche sp\u00e4ter schl\u00fcpfte ich in die engen Reitstiefel und nahm eine schmerzfreie Reitstunde.<\/p>\n<\/div><\/div><\/div>\n<div class=\"col-md-4 col-sm-6 col-xs-12 pt-cv-content-item pt-cv-1-col\"  data-pid=\"2842\"><div class='pt-cv-pinmas'><h4 class=\"pt-cv-title\"><a href=\"http:\/\/www.michael-riedel.at\/fr\/thomas\/\" class=\"_self cvplbd\" target=\"_self\" >Thomas<\/a><\/h4>\n<div class=\"pt-cv-content\">\n<p><br \/>Ich bin 13 Jahre alt und arbeitete diesen Sommer mit meinem Bruder im Garten. Wir hatten den Auftrag die zu lange liegenden \u00c4pfel im Gras zusammen zu rechen. Klarerweise machten wir uns aus der T\u00e4tigkeit einen Riesenspass, der leider sehr schnell endete. Denn als ich einmal zu stark am Rechen anzog und nicht auf meine F\u00fc\u00dfe achtete, landete einer der Zacken genau in meiner Ferse.<\/p>\n\n\n\n<p>Ich ging in die Knie. Meiner Mutter, die ca. 40 m entfernt arbeitete, fiel das gleich auf und sie kam auf mich zu. Kurz sah sie sich das Geschehene an und lief ins Haus. Gleich darauf kam sie mit der Bright Platte und einem Handtuch zur\u00fcck. Sie legte mein verletztes Bein auf das Handtuch, welches auf der Bright Platte lag. Es war schon verbl\u00fcffend, denn als ich den Fu\u00df dort auflegte h\u00f6rten auch die Schmerzen auf. Die Blutung lief auch langsamer als zuvor.<\/p>\n\n\n\n<p>Wir gingen etwas sp\u00e4ter ins Haus, wo ich noch l\u00e4nger meinen Fu\u00df auf die Platte legte. Es folgte \u00fcber Nacht ein Pflaster auf die Wunde, die schon einen Zentimeter tief war. Als wir am n\u00e4chsten Tag das Pflaster l\u00f6sten war schon eine neue Hautbildung vorhanden. Ich hatte kaum Schmerzen und eine Woche sp\u00e4ter schl\u00fcpfte ich in die engen Reitstiefel und nahm eine schmerzfreie Reitstunde.<\/p>\n<\/div><\/div><\/div>\n<div class=\"col-md-4 col-sm-6 col-xs-12 pt-cv-content-item pt-cv-1-col\"  data-pid=\"2840\"><div class='pt-cv-pinmas'><h4 class=\"pt-cv-title\"><a href=\"http:\/\/www.michael-riedel.at\/fr\/roland-p\/\" class=\"_self cvplbd\" target=\"_self\" >Roland P.<\/a><\/h4>\n<div class=\"pt-cv-content\">\n<p>Habe mir unl\u00e4ngst die Bright Blue Platte gekauft, nachdem ich diese ein paar Tage ausprobieren konnte . Ich habe bei den F\u00fcssen leider eine Fehlstellung, die\u00a0 durch das fortgeschrittene Stadium immer Schmerz\u00a0 verursacht, sehr oft unertr\u00e4gliche. Nachdem ich das erste Mal meine F\u00fcsse f\u00fcr kurze Zeit auf die Bright Blue gestellt habe, war ich f\u00fcr mehrere Stunden schmerzfrei und das OHNE starke Tabletten. Und das ist zum Gl\u00fcck bis heute so geblieben. Seitdem habe ich nie wieder eine Tablette genommen. Obwohl ich vorher am Tag mindestens 3 Seracil nehmen musste um die Schmerzen zu ertragen. Denn wenn ich Schmerzen habe benutze ich die Bright Blue und es geht mir wieder gut. Unglaublich aber wahr. Absolut super.<\/p>\n\n\n\n<p><\/p>\n<\/div><\/div><\/div>\n<div class=\"col-md-4 col-sm-6 col-xs-12 pt-cv-content-item pt-cv-1-col\"  data-pid=\"2838\"><div class='pt-cv-pinmas'><h4 class=\"pt-cv-title\"><a href=\"http:\/\/www.michael-riedel.at\/fr\/elke\/\" class=\"_self cvplbd\" target=\"_self\" >Elke<\/a><\/h4>\n<div class=\"pt-cv-content\">\n<p>Seit drei Monaten nutze ich die Bright Blue Energieplatte bei meiner Arbeit. Ich bin dadurch deutlich\u00a0konzentrierter,\u00a0\u00a0kann komplexe Sachverhalte l\u00e4nger im Kopf behalten und werde weniger schnell m\u00fcde.<\/p>\n\n\n\n<p><\/p>\n<\/div><\/div><\/div>\n<div class=\"col-md-4 col-sm-6 col-xs-12 pt-cv-content-item pt-cv-1-col\"  data-pid=\"2836\"><div class='pt-cv-pinmas'><h4 class=\"pt-cv-title\"><a href=\"http:\/\/www.michael-riedel.at\/fr\/roland-s\/\" class=\"_self cvplbd\" target=\"_self\" >Roland S.<\/a><\/h4>\n<div class=\"pt-cv-content\">\n<p>Habe die Bright Blue der Kundin Christa G. vermietet, da Christa nach einer Knie OP noch sehr lange sehr starke Schmerzen hatte. Nach\u00a0 4 Wochen waren die Schmerzen nicht mehr nennenswert. Seither kann Christa G. wieder uneingeschr\u00e4nkt ihrer Arbeit nachgehen.<\/p>\n\n\n\n<p><\/p>\n<\/div><\/div><\/div>\n<div class=\"col-md-4 col-sm-6 col-xs-12 pt-cv-content-item pt-cv-1-col\"  data-pid=\"2834\"><div class='pt-cv-pinmas'><h4 class=\"pt-cv-title\"><a href=\"http:\/\/www.michael-riedel.at\/fr\/franz-w\/\" class=\"_self cvplbd\" target=\"_self\" >Franz W.<\/a><\/h4>\n<div class=\"pt-cv-content\">\n<p><br \/>Ich hatte mir beim Holzarbeiten im Winter 2017\/2018 das rechte Ellbogengelenk verletzt \u2013 es schmerzte immer und ich konnte auch die Hand nicht richtig durchstrecken und hatte auch keine Kraft. Als im Sommer 2018 die Bright Blue beim Seminar vorgestellt wurde, legte ich die Hand 10 Minuten darauf.<br \/>Am n\u00e4chsten Tag merkte ich bereits, dass ich die Hand m\u00fchelos wieder richtig durchstrecken konnte. Ich kaufte mir die Platte gleich und therapierte das rechte Handgelenk noch \u00f6fters. Jetzt ist auch der Schmerz weg und ich habe in der rechten Hand wieder die volle Kraft wie fr\u00fcher.<\/p>\n\n\n\n<p><\/p>\n<\/div><\/div><\/div>\n<div class=\"col-md-4 col-sm-6 col-xs-12 pt-cv-content-item pt-cv-1-col\"  data-pid=\"2829\"><div class='pt-cv-pinmas'><h4 class=\"pt-cv-title\"><a href=\"http:\/\/www.michael-riedel.at\/fr\/roland\/\" class=\"_self cvplbd\" target=\"_self\" >Roland<\/a><\/h4>\n<div class=\"pt-cv-content\">\n<p>Seit wir den Cosmic Ionic haben f\u00fchlen wir uns als ob wir den ganzen Tag in der Natur verbringen. Auch wenn wir fast den ganzen Tag in der Arbeit verbringen und nach Hause kommen ist das wie richtig wieder frische Luft atmen. Eine k\u00fchle angenehme Luft, mit dem Wissen mit der Ausgeglichenheit der Ionen und ohne E-Smog.<\/p>\n\n\n\n<p><\/p>\n<\/div><\/div><\/div>\n<div class=\"col-md-4 col-sm-6 col-xs-12 pt-cv-content-item pt-cv-1-col\"  data-pid=\"2827\"><div class='pt-cv-pinmas'><h4 class=\"pt-cv-title\"><a href=\"http:\/\/www.michael-riedel.at\/fr\/sandra\/\" class=\"_self cvplbd\" target=\"_self\" >Sandra<\/a><\/h4>\n<div class=\"pt-cv-content\">\n<p>Wenn der Schulstress ruft, ist der Schlaf eher Nebensache, dadurch war ich \u00f6fters krank und ausgelauert. Durch den Qi-Quant Bio-Ionisator bleibt mir auch bei wenig Schlaf meine Power und bin seitdem noch nie krank geworden. Als begeisterte Hobbysportlerin bemerkte ich, dass sich dadurch auch meine Ausdauer und Kraft verbessert hat.<\/p>\n\n\n\n<p><\/p>\n<\/div><\/div><\/div>\n<div class=\"col-md-4 col-sm-6 col-xs-12 pt-cv-content-item pt-cv-1-col\"  data-pid=\"2884\"><div class='pt-cv-pinmas'><h4 class=\"pt-cv-title\"><a href=\"http:\/\/www.michael-riedel.at\/fr\/franz-2\/\" class=\"_self cvplbd\" target=\"_self\" >Franz<\/a><\/h4>\n<div class=\"pt-cv-content\">\n<p>Ich installierte im Sommer 2018 an meiner Wasserleitung den Water Alive. Siehe da \u2013 die Wasserqualit\u00e4t ver\u00e4nderte sich gleich danach und ich konnte ab dem Zeitpunkt reines Wasser ohne Zusatz von Sirup trinken und auch viel mehr Menge.<br \/>Wo sich die Ver\u00e4nderung auch noch sehr bemerkbar machte, war im Stall der Milchk\u00fche. Den G\u00fcllelagerraum unter den Spalten muss ich ca. alle 2 Monate in die Senkgrube mittels einem Schieber ablassen. Ich bemerkte gleich beim Ablassen, dass sich die Qualit\u00e4t der G\u00fclle sofort verbessert hatte, denn sie gleitete viel gleichm\u00e4\u00dfiger hinaus. Im Herbst beim Aufmixen mit dem G\u00fcllemixer brauche ich ca. nurmehr die H\u00e4lfte der Zeit lang, denn die G\u00fclle hatte keine so dicke Schwimmschicht mehr und auch der Geruch ist angenehmer. Die G\u00fclle wird vorher von den Lebewesen und Mikroorganismen schon besser abgebaut und sie ist auch viel harmonischer f\u00fcr den Boden.<\/p>\n<\/div><\/div><\/div>\n<div class=\"col-md-4 col-sm-6 col-xs-12 pt-cv-content-item pt-cv-1-col\"  data-pid=\"2825\"><div class='pt-cv-pinmas'><h4 class=\"pt-cv-title\"><a href=\"http:\/\/www.michael-riedel.at\/fr\/franz\/\" class=\"_self cvplbd\" target=\"_self\" >Franz<\/a><\/h4>\n<div class=\"pt-cv-content\">\n<p>Seit ich den Cosmic Ionic M im Auto auf die R\u00fccksitzbank lege und er immer als Begleiter bei meinen langen Touren im Au\u00dfendienst mitf\u00e4hrt, sorgt er f\u00fcr frische Atemluft und Umwandlung des Elektrosmogs. Seit dem Zeitpunkt werde ich beim Autofahren nicht mehr m\u00fcde und bin daher sehr aufmerksam, konzentriert und sicher unterwegs bis am Abend.<\/p>\n\n\n\n<p><\/p>\n<\/div><\/div><\/div>\n<div class=\"col-md-4 col-sm-6 col-xs-12 pt-cv-content-item pt-cv-1-col\"  data-pid=\"2823\"><div class='pt-cv-pinmas'><h4 class=\"pt-cv-title\"><a href=\"http:\/\/www.michael-riedel.at\/fr\/sabine\/\" class=\"_self cvplbd\" target=\"_self\" >Sabine<\/a><\/h4>\n<div class=\"pt-cv-content\">\n<p>Ich habe mir den Qi-Quant Bio-Ionisator gekauft und habe ihn neben mein Bett gestellt. Als zweifache Mutter und einen 30 Stunden Job muss der Haushalt auch noch gemacht werden. Da bleibt kaum Zeit zum Schlafen. Auch nach mehreren anstrengenden Tagen mit wenig Schlaf f\u00fchle ich mich ausgeschlafen und fit. Wenn mein Sohn krank ist stelle ich den Ionisator neben sein Bett, weil mir aufgefallen ist, dass er dadurch schneller gesund wird.<\/p>\n\n\n\n<p><\/p>\n<\/div><\/div><\/div>\n<div class=\"col-md-4 col-sm-6 col-xs-12 pt-cv-content-item pt-cv-1-col\"  data-pid=\"2821\"><div class='pt-cv-pinmas'><h4 class=\"pt-cv-title\"><a href=\"http:\/\/www.michael-riedel.at\/fr\/karl\/\" class=\"_self cvplbd\" target=\"_self\" >Karl<\/a><\/h4>\n<div class=\"pt-cv-content\">\n<p>Ich hatte Schnupfen, meine Nase war verstopft und ich konnte kaum atmen. Am schlimmsten war es in der Nacht.. Da bekam ich von Frau Kralova den Ionisator. Hatte diesen drei Tage in meinem Zimmer und es war deutlich besser. Danke.<\/p>\n\n\n\n<p><\/p>\n<\/div><\/div><\/div>\n<div class=\"col-md-4 col-sm-6 col-xs-12 pt-cv-content-item pt-cv-1-col\"  data-pid=\"2816\"><div class='pt-cv-pinmas'><h4 class=\"pt-cv-title\"><a href=\"http:\/\/www.michael-riedel.at\/fr\/france-80\/\" class=\"_self cvplbd\" target=\"_self\" >Fritz (80)<\/a><\/h4>\n<div class=\"pt-cv-content\">\n<p>\u00dcber meine Schwiegertochter bin ich dazu gekommen mir eine Regnerationsplatte und einen Ionisator im Paket zu kaufen. Ergebnis ist, dass ich trotz meiner 80 Jahre viel mehr Energie habe und deutlich langsamer als fr\u00fcher erm\u00fcde.<\/p>\n\n\n\n<p><\/p>\n<\/div><\/div><\/div>\n<div class=\"col-md-4 col-sm-6 col-xs-12 pt-cv-content-item pt-cv-1-col\"  data-pid=\"2814\"><div class='pt-cv-pinmas'><h4 class=\"pt-cv-title\"><a href=\"http:\/\/www.michael-riedel.at\/fr\/bettina\/\" class=\"_self cvplbd\" target=\"_self\" >Bettina<\/a><\/h4>\n<div class=\"pt-cv-content\">\n<p>Seit l\u00e4nger Zeit benutzt ich die Regenerationplatte. Ab dem dritten Tag schlafe ich in der Nacht sehr Tief und bin n\u00e4chsten Tag total ausgeschlafen und Fit. Auch wenn ich mal wieder Kreuzschmerzen habe, verschwinden diese \u00fcber die Nacht.<\/p>\n<\/div><\/div><\/div>\n<div class=\"col-md-4 col-sm-6 col-xs-12 pt-cv-content-item pt-cv-1-col\"  data-pid=\"2812\"><div class='pt-cv-pinmas'><h4 class=\"pt-cv-title\"><a href=\"http:\/\/www.michael-riedel.at\/fr\/gabi\/\" class=\"_self cvplbd\" target=\"_self\" >Gabi<\/a><\/h4>\n<div class=\"pt-cv-content\">\n<p>Bin seit 38Jahren im aktiven Dienst im Krankenhaus als DGKS t\u00e4tig. Arbeite mit k\u00f6rperlichen Einschr\u00e4nkungen -Bandscheibensch\u00e4den LWS, BWS und HWS. Seit 4Jahren auch Rheumapatientin. Ich\u00a0tat mir beim Aufstehen in der Fr\u00fch schwer. Musste mich langsam, mit Hilfe der H\u00e4nde,\u00a0aufrichten.Wurde mit Cordisonpr\u00e4paraten behandelt, die nur bedingt geholfen haben. Mu\u00dfte auf Grund der Beschwerden sportl. Einbu\u00dfen hinnehmen. Habe gerne Tennis gespielt; regelm\u00e4\u00dfige Wanderungen gemacht und\u00a0auch Radtouren gemacht. Habe regelm\u00e4\u00dfig geturnt und \u00dcbungen gemacht. Nach einer Info von Qi Quant Berater durfte ich 14Tage die Regenerationsplatte von Qi Quant probieren. Nach 2Tagen unruhigen Schlafens, konnte ich am Morgen ohne Schmerzen in den Gelenken\u00a0und \u00a0Wirbels\u00e4ule, problemlos aus dem Bett steigen. Seither nehme ich keine Medikamente mehr. Zwischendurch zwickts einmal dort und da. Aber das kann ich tolerieren. Ich bin sehr zufrieden uind dankbar, das ich Qi Quant kennenlernen durfte. PS: Mein Mann und ich liegen jetzt auf der eigenen Regenerationsplatte von Qi Quant.<\/p>\n<\/div><\/div><\/div>\n<div class=\"col-md-4 col-sm-6 col-xs-12 pt-cv-content-item pt-cv-1-col\"  data-pid=\"2810\"><div class='pt-cv-pinmas'><h4 class=\"pt-cv-title\"><a href=\"http:\/\/www.michael-riedel.at\/fr\/wolfgang\/\" class=\"_self cvplbd\" target=\"_self\" >Wolfgang<\/a><\/h4>\n<div class=\"pt-cv-content\">\n<p>Erholsamer Schalf, schnellere Regeneration nach dem Training, Verspannungen im Bereich der Brust-und Halswirbels\u00e4ule deutlich reduziert- nach 14 Tagen Anwendung -sinnvollste Investition bisher!<\/p>\n<\/div><\/div><\/div>\n<div class=\"col-md-4 col-sm-6 col-xs-12 pt-cv-content-item pt-cv-1-col\"  data-pid=\"2808\"><div class='pt-cv-pinmas'><h4 class=\"pt-cv-title\"><a href=\"http:\/\/www.michael-riedel.at\/fr\/barbara-sch\/\" class=\"_self cvplbd\" target=\"_self\" >Barbara Sch.<\/a><\/h4>\n<div class=\"pt-cv-content\">\n<p>Zuerst ist in unser Familien-Boxspringbett nur eine Regenerationsplatte eingezogen, da davon aber alle sp\u00fcrbar profitiert haben ist nach nur wenigen Tagen eine 2. Platte zum Ausgleich unter die Matratze gewandert. Alle Personen f\u00fchlen sich beim Einschlafen entspannter, in der Nacht gibt es keine Schlafunterbrechungen mehr um dann am Morgen deutlich erholter zu erwachen und den Tag voller Energie bestreiten zu k\u00f6nnen!!!<\/p>\n<\/div><\/div><\/div><\/div><\/div><\/div>\t\t\t<style type=\"text\/css\" id=\"pt-cv-inline-style-df99c795j4\">#pt-cv-view-ff12c90c3o .pt-cv-title a, #pt-cv-view-ff12c90c3o  .panel-title { font-weight: 600 !important; }\n#pt-cv-view-ff12c90c3o .pt-cv-carousel-caption  { background-color: rgba(51,51,51,.6) !important; }\n#pt-cv-view-ff12c90c3o .pt-cv-specialp { background-color: #CC3333 !important }\n#pt-cv-view-ff12c90c3o .pt-cv-specialp * { color: #fff !important; }\n#pt-cv-view-ff12c90c3o .pt-cv-pficon  { color: #bbb !important; }\n#pt-cv-view-ff12c90c3o .pt-cv-readmore  { color: #ffffff !important; background-color: #d3a451 !important; }\n#pt-cv-view-ff12c90c3o .pt-cv-readmore:hover  { color: #ffffff !important; background-color: #d3a451 !important; }\n#pt-cv-view-ff12c90c3o  + .pt-cv-pagination-wrapper .pt-cv-more , #pt-cv-view-ff12c90c3o  + .pt-cv-pagination-wrapper .pagination .active a, .pt-cv-pagination[data-sid='ff12c90c3o'] .active a { color: #ffffff !important; background-color: #00aeef !important; }\n.cvp-live-filter[data-sid='ff12c90c3o'] input[type=radio]:checked~div   { background-color: #d3a451 !important; }\n.cvp-live-submit   { background-color: #d3a451 !important; }\n.cvp-live-reset   { background-color: #d3a451 !important; }<\/style>\r\n\t\t\t\n\n\n<div style=\"height:50px\" aria-hidden=\"true\" class=\"wp-block-spacer\"><\/div>\n","protected":false},"excerpt":{"rendered":"<p>Das einzigartige Rezept von Mag.(FH) Michael Riedel f\u00fcr mehr Wohlbefinden Ich verhelfe Menschen jeden Alters zu nat\u00fcrlicher und ganzheitlicher Wiederherstellung ihres Wohlbefindens mithilfe von Bowen-, Aroma&#8211; und Energietherapie zur Unterst\u00fctzung bei der St\u00e4rkung des K\u00f6rpers, zur Verbesserung des Wohlbefindens und zum Aufbau von Energiereserven. Seit kurzem steht auch die Elektroakupunktur nach Dr Voll als weitere [&hellip;]<\/p>\n","protected":false},"author":1,"featured_media":0,"parent":0,"menu_order":0,"comment_status":"closed","ping_status":"closed","template":"page-templates\/template-full-width.php","meta":{"footnotes":""},"class_list":["post-938","page","type-page","status-publish","hentry"],"yoast_head":"<!-- This site is optimized with the Yoast SEO plugin v27.5 - https:\/\/yoast.com\/product\/yoast-seo-wordpress\/ -->\n<title>Bowenpraxis Mag. (FH) Michael Riedel<\/title>\n<meta name=\"description\" content=\"Sie m\u00f6chten \u00fcber Ihren Gesundheitszustand Bescheid wissen und aktiv etwas tun, um Ihr Wohlbefinden wieder zu erlangen? Basierend auf Fakten und kombiniert mit modernster Technik (HRV, EAV nach Dr Voll) sowie der manuellen Bowentechnik werden wir gemeinsam einen Weg zu Ihrem Wohlbefinden erlangen k\u00f6nnen.\" \/>\n<meta name=\"robots\" content=\"index, follow, max-snippet:-1, max-image-preview:large, max-video-preview:-1\" \/>\n<link rel=\"canonical\" href=\"https:\/\/www.michael-riedel.at\/fr\/herzlich-willkommen-in-der-ganzheitlichen-bowenpraxis\/\" \/>\n<meta property=\"og:locale\" content=\"fr_FR\" \/>\n<meta property=\"og:type\" content=\"article\" \/>\n<meta property=\"og:title\" content=\"Bowenpraxis Mag.(FH) Michael Riedel\" \/>\n<meta property=\"og:description\" content=\"Sie m\u00f6chten \u00fcber Ihren Gesundheitszustand Bescheid wissen und aktiv etwas tun, um Ihr Wohlbefinden wieder zu erlangen? Basierend auf Fakten und kombiniert mit der faszinierenden Bowentechnik werden wir gemeinsam einen Weg zu Ihrem Wohlbefinden erlangen k\u00f6nnen.\" \/>\n<meta property=\"og:url\" content=\"https:\/\/www.michael-riedel.at\/fr\/herzlich-willkommen-in-der-ganzheitlichen-bowenpraxis\/\" \/>\n<meta property=\"og:site_name\" content=\"Ganzheitliche Praxis f\u00fcr Aroma-, Bowen- und Frequenztherapie - Mag. (FH) Michael Riedel\" \/>\n<meta property=\"article:modified_time\" content=\"2023-09-20T08:24:09+00:00\" \/>\n<meta property=\"og:image\" content=\"https:\/\/www.michael-riedel.at\/wp-content\/uploads\/2020\/07\/Logo-transparent.png\" \/>\n\t<meta property=\"og:image:width\" content=\"313\" \/>\n\t<meta property=\"og:image:height\" content=\"203\" \/>\n\t<meta property=\"og:image:type\" content=\"image\/png\" \/>\n<meta name=\"twitter:card\" content=\"summary_large_image\" \/>\n<meta name=\"twitter:label1\" content=\"Dur\u00e9e de lecture estim\u00e9e\" \/>\n\t<meta name=\"twitter:data1\" content=\"4 minutes\" \/>\n<script type=\"application\/ld+json\" class=\"yoast-schema-graph\">{\"@context\":\"https:\\\/\\\/schema.org\",\"@graph\":[{\"@type\":\"WebPage\",\"@id\":\"https:\\\/\\\/www.michael-riedel.at\\\/herzlich-willkommen-in-der-ganzheitlichen-bowenpraxis\\\/\",\"url\":\"https:\\\/\\\/www.michael-riedel.at\\\/herzlich-willkommen-in-der-ganzheitlichen-bowenpraxis\\\/\",\"name\":\"Bowenpraxis Mag. (FH) Michael Riedel\",\"isPartOf\":{\"@id\":\"http:\\\/\\\/www.michael-riedel.at\\\/#website\"},\"primaryImageOfPage\":{\"@id\":\"https:\\\/\\\/www.michael-riedel.at\\\/herzlich-willkommen-in-der-ganzheitlichen-bowenpraxis\\\/#primaryimage\"},\"image\":{\"@id\":\"https:\\\/\\\/www.michael-riedel.at\\\/herzlich-willkommen-in-der-ganzheitlichen-bowenpraxis\\\/#primaryimage\"},\"thumbnailUrl\":\"http:\\\/\\\/www.michael-riedel.at\\\/wp-content\\\/uploads\\\/2020\\\/07\\\/VorherV2.png\",\"datePublished\":\"2022-12-15T15:00:00+00:00\",\"dateModified\":\"2023-09-20T08:24:09+00:00\",\"description\":\"Sie m\u00f6chten \u00fcber Ihren Gesundheitszustand Bescheid wissen und aktiv etwas tun, um Ihr Wohlbefinden wieder zu erlangen? Basierend auf Fakten und kombiniert mit modernster Technik (HRV, EAV nach Dr Voll) sowie der manuellen Bowentechnik werden wir gemeinsam einen Weg zu Ihrem Wohlbefinden erlangen k\u00f6nnen.\",\"breadcrumb\":{\"@id\":\"https:\\\/\\\/www.michael-riedel.at\\\/herzlich-willkommen-in-der-ganzheitlichen-bowenpraxis\\\/#breadcrumb\"},\"inLanguage\":\"fr-FR\",\"potentialAction\":[{\"@type\":\"ReadAction\",\"target\":[\"https:\\\/\\\/www.michael-riedel.at\\\/herzlich-willkommen-in-der-ganzheitlichen-bowenpraxis\\\/\"]}]},{\"@type\":\"ImageObject\",\"inLanguage\":\"fr-FR\",\"@id\":\"https:\\\/\\\/www.michael-riedel.at\\\/herzlich-willkommen-in-der-ganzheitlichen-bowenpraxis\\\/#primaryimage\",\"url\":\"http:\\\/\\\/www.michael-riedel.at\\\/wp-content\\\/uploads\\\/2020\\\/07\\\/VorherV2.png\",\"contentUrl\":\"http:\\\/\\\/www.michael-riedel.at\\\/wp-content\\\/uploads\\\/2020\\\/07\\\/VorherV2.png\"},{\"@type\":\"BreadcrumbList\",\"@id\":\"https:\\\/\\\/www.michael-riedel.at\\\/herzlich-willkommen-in-der-ganzheitlichen-bowenpraxis\\\/#breadcrumb\",\"itemListElement\":[{\"@type\":\"ListItem\",\"position\":1,\"name\":\"Home\",\"item\":\"https:\\\/\\\/www.michael-riedel.at\\\/\"},{\"@type\":\"ListItem\",\"position\":2,\"name\":\"Herzlich Willkommen in der ganzheitlichen Praxis f\u00fcr Bowen-, Aroma- und Energietherapie!\"}]},{\"@type\":\"WebSite\",\"@id\":\"http:\\\/\\\/www.michael-riedel.at\\\/#website\",\"url\":\"http:\\\/\\\/www.michael-riedel.at\\\/\",\"name\":\"Ganzheitliche Praxis f\u00fcr Aroma-, Bowen- und Frequenztherapie - Mag. (FH) Michael Riedel\",\"description\":\"\",\"publisher\":{\"@id\":\"http:\\\/\\\/www.michael-riedel.at\\\/#organization\"},\"potentialAction\":[{\"@type\":\"SearchAction\",\"target\":{\"@type\":\"EntryPoint\",\"urlTemplate\":\"http:\\\/\\\/www.michael-riedel.at\\\/?s={search_term_string}\"},\"query-input\":{\"@type\":\"PropertyValueSpecification\",\"valueRequired\":true,\"valueName\":\"search_term_string\"}}],\"inLanguage\":\"fr-FR\"},{\"@type\":\"Organization\",\"@id\":\"http:\\\/\\\/www.michael-riedel.at\\\/#organization\",\"name\":\"Bowenpraxis Mag.(FH) Michael Riedel\",\"url\":\"http:\\\/\\\/www.michael-riedel.at\\\/\",\"logo\":{\"@type\":\"ImageObject\",\"inLanguage\":\"fr-FR\",\"@id\":\"http:\\\/\\\/www.michael-riedel.at\\\/#\\\/schema\\\/logo\\\/image\\\/\",\"url\":\"https:\\\/\\\/i0.wp.com\\\/www.michael-riedel.at\\\/wp-content\\\/uploads\\\/mr_background_popup_600x600.png?fit=600%2C600&ssl=1\",\"contentUrl\":\"https:\\\/\\\/i0.wp.com\\\/www.michael-riedel.at\\\/wp-content\\\/uploads\\\/mr_background_popup_600x600.png?fit=600%2C600&ssl=1\",\"width\":600,\"height\":600,\"caption\":\"Bowenpraxis Mag.(FH) Michael Riedel\"},\"image\":{\"@id\":\"http:\\\/\\\/www.michael-riedel.at\\\/#\\\/schema\\\/logo\\\/image\\\/\"}}]}<\/script>\n<!-- \/ Yoast SEO plugin. -->","yoast_head_json":{"title":"Cabinet Bowen Mag. (FH) Michael Riedel","description":"Sie m\u00f6chten \u00fcber Ihren Gesundheitszustand Bescheid wissen und aktiv etwas tun, um Ihr Wohlbefinden wieder zu erlangen? Basierend auf Fakten und kombiniert mit modernster Technik (HRV, EAV nach Dr Voll) sowie der manuellen Bowentechnik werden wir gemeinsam einen Weg zu Ihrem Wohlbefinden erlangen k\u00f6nnen.","robots":{"index":"index","follow":"follow","max-snippet":"max-snippet:-1","max-image-preview":"max-image-preview:large","max-video-preview":"max-video-preview:-1"},"canonical":"https:\/\/www.michael-riedel.at\/fr\/herzlich-willkommen-in-der-ganzheitlichen-bowenpraxis\/","og_locale":"fr_FR","og_type":"article","og_title":"Bowenpraxis Mag.(FH) Michael Riedel","og_description":"Sie m\u00f6chten \u00fcber Ihren Gesundheitszustand Bescheid wissen und aktiv etwas tun, um Ihr Wohlbefinden wieder zu erlangen? Basierend auf Fakten und kombiniert mit der faszinierenden Bowentechnik werden wir gemeinsam einen Weg zu Ihrem Wohlbefinden erlangen k\u00f6nnen.","og_url":"https:\/\/www.michael-riedel.at\/fr\/herzlich-willkommen-in-der-ganzheitlichen-bowenpraxis\/","og_site_name":"Ganzheitliche Praxis f\u00fcr Aroma-, Bowen- und Frequenztherapie - Mag. (FH) Michael Riedel","article_modified_time":"2023-09-20T08:24:09+00:00","og_image":[{"width":313,"height":203,"url":"https:\/\/www.michael-riedel.at\/wp-content\/uploads\/2020\/07\/Logo-transparent.png","type":"image\/png"}],"twitter_card":"summary_large_image","twitter_misc":{"Dur\u00e9e de lecture estim\u00e9e":"4 minutes"},"schema":{"@context":"https:\/\/schema.org","@graph":[{"@type":"WebPage","@id":"https:\/\/www.michael-riedel.at\/herzlich-willkommen-in-der-ganzheitlichen-bowenpraxis\/","url":"https:\/\/www.michael-riedel.at\/herzlich-willkommen-in-der-ganzheitlichen-bowenpraxis\/","name":"Cabinet Bowen Mag. (FH) Michael Riedel","isPartOf":{"@id":"http:\/\/www.michael-riedel.at\/#website"},"primaryImageOfPage":{"@id":"https:\/\/www.michael-riedel.at\/herzlich-willkommen-in-der-ganzheitlichen-bowenpraxis\/#primaryimage"},"image":{"@id":"https:\/\/www.michael-riedel.at\/herzlich-willkommen-in-der-ganzheitlichen-bowenpraxis\/#primaryimage"},"thumbnailUrl":"http:\/\/www.michael-riedel.at\/wp-content\/uploads\/2020\/07\/VorherV2.png","datePublished":"2022-12-15T15:00:00+00:00","dateModified":"2023-09-20T08:24:09+00:00","description":"Sie m\u00f6chten \u00fcber Ihren Gesundheitszustand Bescheid wissen und aktiv etwas tun, um Ihr Wohlbefinden wieder zu erlangen? Basierend auf Fakten und kombiniert mit modernster Technik (HRV, EAV nach Dr Voll) sowie der manuellen Bowentechnik werden wir gemeinsam einen Weg zu Ihrem Wohlbefinden erlangen k\u00f6nnen.","breadcrumb":{"@id":"https:\/\/www.michael-riedel.at\/herzlich-willkommen-in-der-ganzheitlichen-bowenpraxis\/#breadcrumb"},"inLanguage":"fr-FR","potentialAction":[{"@type":"ReadAction","target":["https:\/\/www.michael-riedel.at\/herzlich-willkommen-in-der-ganzheitlichen-bowenpraxis\/"]}]},{"@type":"ImageObject","inLanguage":"fr-FR","@id":"https:\/\/www.michael-riedel.at\/herzlich-willkommen-in-der-ganzheitlichen-bowenpraxis\/#primaryimage","url":"http:\/\/www.michael-riedel.at\/wp-content\/uploads\/2020\/07\/VorherV2.png","contentUrl":"http:\/\/www.michael-riedel.at\/wp-content\/uploads\/2020\/07\/VorherV2.png"},{"@type":"BreadcrumbList","@id":"https:\/\/www.michael-riedel.at\/herzlich-willkommen-in-der-ganzheitlichen-bowenpraxis\/#breadcrumb","itemListElement":[{"@type":"ListItem","position":1,"name":"Home","item":"https:\/\/www.michael-riedel.at\/"},{"@type":"ListItem","position":2,"name":"Herzlich Willkommen in der ganzheitlichen Praxis f\u00fcr Bowen-, Aroma- und Energietherapie!"}]},{"@type":"WebSite","@id":"http:\/\/www.michael-riedel.at\/#website","url":"http:\/\/www.michael-riedel.at\/","name":"Cabinet holistique d'aromath\u00e9rapie, de th\u00e9rapie bowen et de th\u00e9rapie par la fr\u00e9quence - Michael Riedel, mag (FH)","description":"","publisher":{"@id":"http:\/\/www.michael-riedel.at\/#organization"},"potentialAction":[{"@type":"SearchAction","target":{"@type":"EntryPoint","urlTemplate":"http:\/\/www.michael-riedel.at\/?s={search_term_string}"},"query-input":{"@type":"PropertyValueSpecification","valueRequired":true,"valueName":"search_term_string"}}],"inLanguage":"fr-FR"},{"@type":"Organization","@id":"http:\/\/www.michael-riedel.at\/#organization","name":"Cabinet Bowen Mag.(FH) Michael Riedel","url":"http:\/\/www.michael-riedel.at\/","logo":{"@type":"ImageObject","inLanguage":"fr-FR","@id":"http:\/\/www.michael-riedel.at\/#\/schema\/logo\/image\/","url":"https:\/\/i0.wp.com\/www.michael-riedel.at\/wp-content\/uploads\/mr_background_popup_600x600.png?fit=600%2C600&ssl=1","contentUrl":"https:\/\/i0.wp.com\/www.michael-riedel.at\/wp-content\/uploads\/mr_background_popup_600x600.png?fit=600%2C600&ssl=1","width":600,"height":600,"caption":"Bowenpraxis Mag.(FH) Michael Riedel"},"image":{"@id":"http:\/\/www.michael-riedel.at\/#\/schema\/logo\/image\/"}}]}},"_links":{"self":[{"href":"http:\/\/www.michael-riedel.at\/fr\/wp-json\/wp\/v2\/pages\/938","targetHints":{"allow":["GET"]}}],"collection":[{"href":"http:\/\/www.michael-riedel.at\/fr\/wp-json\/wp\/v2\/pages"}],"about":[{"href":"http:\/\/www.michael-riedel.at\/fr\/wp-json\/wp\/v2\/types\/page"}],"author":[{"embeddable":true,"href":"http:\/\/www.michael-riedel.at\/fr\/wp-json\/wp\/v2\/users\/1"}],"replies":[{"embeddable":true,"href":"http:\/\/www.michael-riedel.at\/fr\/wp-json\/wp\/v2\/comments?post=938"}],"version-history":[{"count":0,"href":"http:\/\/www.michael-riedel.at\/fr\/wp-json\/wp\/v2\/pages\/938\/revisions"}],"wp:attachment":[{"href":"http:\/\/www.michael-riedel.at\/fr\/wp-json\/wp\/v2\/media?parent=938"}],"curies":[{"name":"wp","href":"https:\/\/api.w.org\/{rel}","templated":true}]}}